{"id":117,"date":"2021-11-08T13:51:39","date_gmt":"2021-11-08T13:51:39","guid":{"rendered":"https:\/\/ptof.liceoattiliobertolucci.org\/25-28\/?page_id=117"},"modified":"2025-04-25T17:35:49","modified_gmt":"2025-04-25T17:35:49","slug":"scelte-strategiche","status":"publish","type":"page","link":"https:\/\/ptof.liceoattiliobertolucci.org\/25-28\/indice\/scelte-strategiche\/","title":{"rendered":"SCELTE STRATEGICHE"},"content":{"rendered":"\t\t<div data-elementor-type=\"wp-page\" data-elementor-id=\"117\" class=\"elementor elementor-117\">\n\t\t\t\t\t\t<section class=\"elementor-section elementor-top-section elementor-element elementor-element-e83b528 elementor-section-boxed elementor-section-height-default elementor-section-height-default\" data-id=\"e83b528\" data-element_type=\"section\" id=\"mybread\" data-settings=\"{&quot;background_background&quot;:&quot;classic&quot;}\">\n\t\t\t\t\t\t<div class=\"elementor-container elementor-column-gap-no\">\n\t\t\t\t\t<div class=\"elementor-column elementor-col-100 elementor-top-column elementor-element elementor-element-e1902ae\" data-id=\"e1902ae\" data-element_type=\"column\">\n\t\t\t<div class=\"elementor-widget-wrap elementor-element-populated\">\n\t\t\t\t\t\t<div class=\"elementor-element elementor-element-255ff7e elementor-widget elementor-widget-shortcode\" data-id=\"255ff7e\" data-element_type=\"widget\" data-widget_type=\"shortcode.default\">\n\t\t\t\t<div class=\"elementor-widget-container\">\n\t\t\t\t\t\t\t<div class=\"elementor-shortcode\">\t\t\t<!-- Flexy Breadcrumb -->\r\n\t\t\t<div class=\"fbc fbc-page\">\r\n\r\n\t\t\t\t<!-- Breadcrumb wrapper -->\r\n\t\t\t\t<div class=\"fbc-wrap\">\r\n\r\n\t\t\t\t\t<!-- Ordered list-->\r\n\t\t\t\t\t<ol class=\"fbc-items\" itemscope itemtype=\"https:\/\/schema.org\/BreadcrumbList\">\r\n\t\t\t\t\t\t            <li itemprop=\"itemListElement\" itemscope itemtype=\"https:\/\/schema.org\/ListItem\">\r\n                <span itemprop=\"name\">\r\n                    <!-- Home Link -->\r\n                    <a itemprop=\"item\" href=\"https:\/\/ptof.liceoattiliobertolucci.org\/25-28\">\r\n                    \r\n                                                    <i class=\"fa fa-home\" aria-hidden=\"true\"><\/i>PTOF 2025 - 2028                    <\/a>\r\n                <\/span>\r\n                <meta itemprop=\"position\" content=\"1\" \/><!-- Meta Position-->\r\n             <\/li><li><span class=\"fbc-separator\">\/<\/span><\/li><li class=\"active\" itemprop=\"itemListElement\" itemscope itemtype=\"https:\/\/schema.org\/ListItem\"><span itemprop=\"name\" title=\"SCELTE STRATEGICHE\">SCELTE STRATEGICHE<\/span><meta itemprop=\"position\" content=\"2\" \/><\/li>\t\t\t\t\t<\/ol>\r\n\t\t\t\t\t<div class=\"clearfix\"><\/div>\r\n\t\t\t\t<\/div>\r\n\t\t\t<\/div>\r\n\t\t\t<\/div>\n\t\t\t\t\t\t<\/div>\n\t\t\t\t<\/div>\n\t\t\t\t\t<\/div>\n\t\t<\/div>\n\t\t\t\t\t<\/div>\n\t\t<\/section>\n\t\t\t\t<section class=\"elementor-section elementor-top-section elementor-element elementor-element-443f2b1 elementor-section-boxed elementor-section-height-default elementor-section-height-default\" data-id=\"443f2b1\" data-element_type=\"section\">\n\t\t\t\t\t\t<div class=\"elementor-container elementor-column-gap-default\">\n\t\t\t\t\t<div class=\"elementor-column elementor-col-100 elementor-top-column elementor-element elementor-element-09688c0\" data-id=\"09688c0\" data-element_type=\"column\">\n\t\t\t<div class=\"elementor-widget-wrap elementor-element-populated\">\n\t\t\t\t\t\t<div class=\"elementor-element elementor-element-ef4ed2f elementor-widget elementor-widget-spacer\" data-id=\"ef4ed2f\" data-element_type=\"widget\" data-widget_type=\"spacer.default\">\n\t\t\t\t<div class=\"elementor-widget-container\">\n\t\t\t\t\t\t\t<div class=\"elementor-spacer\">\n\t\t\t<div class=\"elementor-spacer-inner\"><\/div>\n\t\t<\/div>\n\t\t\t\t\t\t<\/div>\n\t\t\t\t<\/div>\n\t\t\t\t<div class=\"elementor-element elementor-element-50669c4 elementor-widget elementor-widget-heading\" data-id=\"50669c4\" data-element_type=\"widget\" data-widget_type=\"heading.default\">\n\t\t\t\t<div class=\"elementor-widget-container\">\n\t\t\t\t\t<h2 class=\"elementor-heading-title elementor-size-default\">SCELTE STRATEGICHE<\/h2>\t\t\t\t<\/div>\n\t\t\t\t<\/div>\n\t\t\t\t\t<\/div>\n\t\t<\/div>\n\t\t\t\t\t<\/div>\n\t\t<\/section>\n\t\t\t\t<section class=\"elementor-section elementor-top-section elementor-element elementor-element-524ba2f elementor-section-boxed elementor-section-height-default elementor-section-height-default\" data-id=\"524ba2f\" data-element_type=\"section\">\n\t\t\t\t\t\t<div class=\"elementor-container elementor-column-gap-default\">\n\t\t\t\t\t<div class=\"elementor-column elementor-col-100 elementor-top-column elementor-element elementor-element-bb5d907\" data-id=\"bb5d907\" data-element_type=\"column\">\n\t\t\t<div class=\"elementor-widget-wrap elementor-element-populated\">\n\t\t\t\t\t\t<div class=\"elementor-element elementor-element-8062660 elementor-widget-divider--view-line elementor-widget elementor-widget-divider\" data-id=\"8062660\" data-element_type=\"widget\" data-widget_type=\"divider.default\">\n\t\t\t\t<div class=\"elementor-widget-container\">\n\t\t\t\t\t\t\t<div class=\"elementor-divider\">\n\t\t\t<span class=\"elementor-divider-separator\">\n\t\t\t\t\t\t<\/span>\n\t\t<\/div>\n\t\t\t\t\t\t<\/div>\n\t\t\t\t<\/div>\n\t\t\t\t\t<\/div>\n\t\t<\/div>\n\t\t\t\t\t<\/div>\n\t\t<\/section>\n\t\t\t\t<section class=\"elementor-section elementor-top-section elementor-element elementor-element-a4631e3 contenutolungo elementor-section-boxed elementor-section-height-default elementor-section-height-default\" data-id=\"a4631e3\" data-element_type=\"section\">\n\t\t\t\t\t\t<div class=\"elementor-container elementor-column-gap-default\">\n\t\t\t\t\t<div class=\"elementor-column elementor-col-100 elementor-top-column elementor-element elementor-element-3a03cb9\" data-id=\"3a03cb9\" data-element_type=\"column\">\n\t\t\t<div class=\"elementor-widget-wrap elementor-element-populated\">\n\t\t\t\t\t\t<div class=\"elementor-element elementor-element-3639b0a elementor-widget elementor-widget-text-editor\" data-id=\"3639b0a\" data-element_type=\"widget\" data-widget_type=\"text-editor.default\">\n\t\t\t\t<div class=\"elementor-widget-container\">\n\t\t\t\t\t\t\t\t\t<h2><strong><br \/>DAL RAV AL PIANO DI MIGLIORAMENTO <\/strong>2025\/2028<\/h2><p><strong>Il Piano di miglioramento 2022\/2025: un primo bilancio <\/strong><\/p><p>In linea con i risultati emersi nell\u2019autovalutazione di istituto e presentati nel Rapporto di autovalutazione (RAV), il Piano di miglioramento 2022\/2025 ha individuato le priorit\u00e0 e i traguardi di miglioramento, nelle aree dei <em>Risultati nelle prove standardizzate nazionali<\/em> e delle <em>Competenze chiave europee<\/em>. In particolare:<\/p><p>1) Risultati nelle prove standardizzate nazionali: miglioramento dei risultati nelle prove standardizzate nazionali di<\/p><p>a) punteggi generali (miglioramento del 3% annuo &#8211; 10% in tre anni) sia per le classi seconde che quinte;<br \/><span style=\"color: var( --e-global-color-text ); font-family: var( --e-global-typography-text-font-family ), Sans-serif; font-weight: var( --e-global-typography-text-font-weight ); font-size: 1rem;\">b) effetto scuola (in 3 anni posizionare la scuola ad almeno un livello superiore rispetto alla situazione attuale)<\/span><span style=\"color: var( --e-global-color-text ); font-family: var( --e-global-typography-text-font-family ), Sans-serif; font-weight: var( --e-global-typography-text-font-weight ); font-size: 1rem; text-decoration-line: line-through;\">;<\/span><\/p><p>2) Competenze chiave europee: sviluppo e consolidamento della \u201cglobal competence\u201d con distribuzione degli studenti entro i livelli indicati nel PISA 2018 assessment of global competence: &#8211; non pi\u00f9 del 25% nel livello Basic &#8211; non meno del 25% nel livello Advanced &#8211; i rimanenti nel livello Intermediate.<\/p><p>La pandemia scoppiata a met\u00e0 dell\u2019A.S. 2019 &#8211; 2020 ha avuto ripercussioni negative sul processo di miglioramento degli indicatori individuati anche negli anni successivi, portando ad un peggioramento generale a livello nazionale, regionale, locale e di istituto del rendimento scolastico ed al blocco dei progetti di internazionalizzazione.<\/p><p>La ripresa della regolare attivit\u00e0 didattica a partire dall&#8217;anno scolastico 2022\/23, il primo della precedente triennalit\u00e0, ha tuttavia registrato una complessiva tendenza al miglioramento dei risultati nelle prove standardizzate nazionali dell&#8217;istituto (pur con ulteriori significativi margini di crescita)\u00a0ed una implementazione dei processi di internazionalizzazione attraverso gli scambi e le mobilit\u00e0 transnazionali.<\/p><p><strong>Verso il Piano di miglioramento 2025<\/strong><strong>\/ 2028: la conferma delle <\/strong><strong>priorit\u00e0 <\/strong><\/p><p><strong>Priorit\u00e0 1: miglioramento dei risultati delle prove standardizzate nazionali (INVALSI) <\/strong><\/p><p>Il quadro emerso a seguito della autovalutazione impone di confermare l\u2019impegno dell\u2019istituto su una serie di obiettivi legati al miglioramento dei risultati delle prove INVALSI.\u00a0<\/p><p>Si sottolinea in proposito il fatto che<\/p><ul><li>dal maggio 2019 sono a disposizione gli esiti anche per le classi quinte (D. Lgs. 62\/2017) e la comparazione dei risultati delle classi quinte con quelle che tre anni prima erano classi seconde, che consente una valutazione pi\u00f9 completa e articolata dell\u2019incidenza dei processi di insegnamento &#8211; apprendimento sugli studenti, tanto in termini longitudinali quanto di \u201ceffetto scuola\u201d;<\/li><li>sono ora messi a disposizione delle scuole anche i risultati ottenuti dai propri nuovi iscritti alle classi prime nelle prove INVALSI quando questi frequentavano il terzo anno della scuola secondaria di primo grado.<\/li><\/ul><p><strong>Priorit\u00e0 2: global competence (competenze chiave europee)<\/strong><\/p><p>L\u2019area delle Competenze chiave europee \u00e8 un\u2019area per la quale il Ministero non fornisce indicatori o benchmark di riferimento, lasciando alle scuole ampia autonomia nell\u2019elaborazione di parametri per l\u2019autovalutazione e quindi per l\u2019individuazione di obiettivi di miglioramento.<\/p><p>La dimensione delle Competenze chiave europee si conferma tuttavia sempre pi\u00f9 centrale, come rilevano alcuni importanti documenti, di seguito indicati:<\/p><p>&#8211; Indicazioni Nazionali &#8211; revisione febbraio 2018 &#8211; Gruppo Fiorin <u>http:\/\/www.miur.gov.it\/documents\/20182\/0\/Indicazioni+nazionali+e+nuovi+sce<\/u> <u>nari\/3234ab16-1f1d-4f34-99a3-319d892a40f2<\/u><\/p><p>&#8211; Consiglio d\u2019Europa. (2016 trad. it. 2017). <em>Competenze per una cultura della <\/em><em>\u00a0democrazia. Sintesi<\/em>. Strasburgo: Consiglio<\/p><p>d\u2019Europa; <u>https:\/\/rm.coe.int\/competences-for-democratic-culture-resume-it revised-web-a5\/1680717a26<\/u><\/p><p>&#8211; OECD PISA. (2018). <em>Preparing our youth for an inclusive and sustainable <\/em><em>\u00a0world. <\/em><em>The OECD PISA global competence framework<\/em>. Parigi: OECD \u00a0<u>http:\/\/www.oecd.org\/pisa\/Handbook-PISA-2018-Global-Competence.pdf<\/u><\/p><p>&#8211; UE. (2018). <em>Raccomandazione del Consiglio relativa a competenze chiave <\/em><em>\u00a0per l\u2019apprendimento permanente<\/em>, 2018\/c 189\/01. <u>https:\/\/eurlex.europa.eu\/legalcontent\/IT\/TXT\/PDF\/?uri=CELEX:32018H0604(01)&amp;from=EN<\/u><\/p><p><u>&#8211; Progetto sperimentale Learning to become<\/u><\/p><p>Si ipotizza pertanto di <u>confermare<\/u> tale area per l\u2019individuazione delle nuove priorit\u00e0 2025\/2028, con distribuzione degli studenti entro i livelli indicati nel PISA 2018 assessment of global competence: &#8211; non pi\u00f9 del 25% nel livello Basic &#8211; non meno del 25% nel livello Advanced &#8211; i rimanenti nel livello Intermediate (OECD PISA <em>global competence<\/em><em> framework).<\/em><\/p><p>Alla luce di quanto esposto e delle opportunit\u00e0 recentemente offerte da specifici finanziamenti PNRR, una <strong>prima essenziale prefigurazione <\/strong>del Piano di Miglioramento 2025\/2028 (con riferimento al format proposto dal Ministero entro la piattaforma di elaborazione PTOF e che viene qui assunto come modello di PdM) pu\u00f2 essere schematicamente riassunta come segue:<\/p><table width=\"638\"><tbody><tr><td width=\"264\"><p>Titolo del\u00a0<strong style=\"color: var( --e-global-color-text ); font-family: var( --e-global-typography-text-font-family ), Sans-serif; font-size: 1rem;\">Percorso di miglioramento 1<\/strong><\/p><\/td><td width=\"374\"><strong>Prove standardizzate nazionali (INVALSI)<\/strong><\/td><\/tr><tr><td width=\"264\">Priorit\u00e0 (sez. 4 del RAV)<\/td><td width=\"374\">Miglioramento dei risultati nelle prove standardizzate nazionali (Area RAV: Risultati nelle prove standardizzate nazionali)<\/td><\/tr><tr><td width=\"264\">Traguardo (sez. 4 del RAV)<\/td><td width=\"374\"><p>I traguardi di miglioramento 2025 \/ 2028 e i relativi risultati attesi saranno focalizzati su uno o pi\u00f9 dei seguenti ambiti:<\/p><p>a) punteggi generali (miglioramento del 3% annuo &#8211; 10% in tre anni)<\/p><p>b) distribuzione degli studenti nei livelli di apprendimento<\/p><p>c) effetto scuola (in 3 anni posizionare la scuola ad almeno un livello superiore rispetto alla situazione attuale)<\/p><\/td><\/tr><tr><td width=\"264\">Obiettivi di processo collegati alla priorit\u00e0 ed al traguardo<\/td><td width=\"374\"><p>1. Curricolo, progettazione e valutazione:\u00a0 didattica per competenze<\/p><p>2. Inclusione e differenziazione:<br \/><span style=\"color: var( --e-global-color-text ); font-family: var( --e-global-typography-text-font-family ), Sans-serif; font-weight: var( --e-global-typography-text-font-weight ); font-size: 1rem;\">\u00a0 \u00a0 \u00a0percorsi di recupero metodologico \/ disciplinare e di potenziamento<\/span><\/p><p>3. Sviluppo e valorizzazione delle risorse umane: formazione docenti<\/p><\/td><\/tr><tr><td width=\"264\">Attivit\u00e0 previste per il percorso<\/td><td width=\"374\"><p><span style=\"color: var( --e-global-color-text ); font-family: var( --e-global-typography-text-font-family ), Sans-serif; font-weight: var( --e-global-typography-text-font-weight ); font-size: 1rem;\">Per il recupero ed il potenziamento del profitto soprattutto in matematica ed inglese, si individua<\/span><\/p><p>\u25cf\u00a0\u00a0\u00a0\u00a0 per l\u2019obiettivo 1: favorire le attivit\u00e0 laboratoriali, di gruppo, di tutoring;<\/p><p>\u25cf\u00a0\u00a0\u00a0\u00a0 per l\u2019obiettivo 2: sostegno, recupero ed individualizzazione dell\u2019intervento formativo anche attraverso le attivit\u00e0 di peer tutoring e di sportelli individualizzati;<\/p><p>\u25cf\u00a0\u00a0\u00a0\u00a0 per l\u2019obiettivo 3: attivit\u00e0 di formazione, consulenza, ed assistenza al corpo docente nel pieno utilizzo delle potenzialit\u00e0 dell\u2019istituto, soprattutto nei confronti dei docenti neoassunti e precari.<\/p><\/td><\/tr><\/tbody><\/table><table width=\"640\"><tbody><tr><td width=\"264\"><p>Titolo del\u00a0<strong style=\"color: var( --e-global-color-text ); font-family: var( --e-global-typography-text-font-family ), Sans-serif; font-size: 1rem;\">Percorso di miglioramento 2<\/strong><\/p><\/td><td width=\"376\"><strong>Global competence<\/strong><\/td><\/tr><tr><td width=\"264\">Priorit\u00e0 (sez. 4 del RAV)<\/td><td width=\"376\">Sviluppo e consolidamento della \u201cglobal competence\u201d (Area RAV: Competenze chiave europee)<\/td><\/tr><tr><td width=\"264\">Traguardo (sez. 4 del RAV)<\/td><td width=\"376\"><p>Distribuzione degli studenti entro i livelli indicati nel <em>PISA 2018 assessment of global competence<\/em>.<\/p><p>A titolo puramente esemplificativo:<\/p><p>\u25cf\u00a0\u00a0\u00a0\u00a0 non pi\u00f9 del 25% nel livello Basic;<\/p><p>\u25cf\u00a0\u00a0\u00a0\u00a0 non meno del 25% nel livello Advanced &#8211; i rimanenti nel livello Intermediate.<\/p><\/td><\/tr><tr><td width=\"264\">Obiettivi di processo collegati alla priorit\u00e0 ed al traguardo<\/td><td width=\"376\"><p>1. Curricolo, progettazione e valutazione: strutturazione per adattamento dell&#8217;assessment of global competence e relativi livelli come indicati nel PISA 2018<\/p><p>2. Orientamento strategico e organizzazione della scuola: partecipazione a bandi europei (Erasmus+) e a bandi per Fondi specifici (ad es. PON-PNRR) finalizzati alla realizzazione di percorsi educativi ed esperienze concrete legate alla global competence ed anche connessa con i percorsi di educazione civica<\/p><p>3. Sviluppo e valorizzazione delle risorse umane: formazione docenti.<\/p><p>Si prevede la possibilit\u00e0 di utilizzare strumenti mutuati dal <em>PISA 2018 assessment of global competence <\/em>(cognitive test e questionnaire items), sebbene l\u2019Italia non abbia aderito alla somministrazione della prova riferita a tale specifico ambito entro la rilevazione PISA 2018.<\/p><\/td><\/tr><tr><td width=\"264\">Attivit\u00e0 previste per il percorso<\/td><td width=\"376\">Favorire la partecipazione a periodi di formazione all\u2019estero, agli scambi culturali con altre scuole europee, ai gruppi di sostegno allo studio, alle attivit\u00e0 di peer tutoring, ecc.<\/td><\/tr><\/tbody><\/table><p>Una ulteriore e pi\u00f9 puntuale definizione del Piano di Miglioramento potr\u00e0 essere effettuata a partire dal settembre 2025, quando saranno resi disponibili alle scuole gli esiti della rendicontazione del triennio precedente.<\/p><h2><strong>ATTO DI INDIRIZZO DEL DIRIGENTE<\/strong><\/h2><h4><strong>OBIETTIVI FORMATIVI PRIORITARI (art. 1 comma 7 Legge 107\/15) <\/strong><\/h4><p><strong>L\u2019Atto di indirizzo del Dirigente scolastico<\/strong> (ai sensi dell\u2019art. 1 comma 14 della legge 107\/2015) individua gli <strong>obiettivi prioritari<\/strong> da mettere a fondamento dell\u2019azione del PTOF:<\/p><ul><li><span style=\"font-family: Calibri, sans-serif; font-size: 11pt;\">valorizzazione e potenziamento delle competenze linguistiche, con particolare riferimento all&#8217;italiano nonch\u00e9 alla lingua inglese e ad altre lingue dell&#8217;Unione europea, anche mediante l&#8217;utilizzo della metodologia Content and Language Integrated Learning;<\/span><\/li><li>potenziamento delle competenze logico-matematiche e scientifiche;<\/li><li>potenziamento delle competenze nella pratica e nella cultura musicali, nell&#8217;arte e nella storia dell&#8217;arte, nel cinema, nelle tecniche e nei media di produzione e di diffusione delle immagini e dei suoni, anche mediante il coinvolgimento dei musei e degli altri istituti pubblici e privati operanti in tali settori;<\/li><li>sviluppo delle competenze in materia di cittadinanza attiva e democratica attraverso la valorizzazione dell&#8217;educazione interculturale e alla pace, il rispetto delle differenze e il dialogo tra le culture, il sostegno dell&#8217;assunzione di responsabilit\u00e0 nonch\u00e9 della solidariet\u00e0 e della cura dei beni comuni e della consapevolezza dei diritti e dei doveri;<\/li><li>potenziamento delle conoscenze in materia giuridica ed economico-finanziaria e di educazione all&#8217;autoimprenditorialit\u00e0;<\/li><li>sviluppo di comportamenti responsabili ispirati alla conoscenza e al rispetto della legalit\u00e0, della sostenibilit\u00e0 ambientale, dei beni paesaggistici, del patrimonio e delle attivit\u00e0 culturali;<\/li><li>educazione alle pari opportunit\u00e0 e prevenzione della violenza di genere;<\/li><li>potenziamento delle discipline motorie e sviluppo di comportamenti ispirati a uno stile di vita sano, con particolare riferimento all&#8217;alimentazione, all&#8217;educazione fisica e allo sport, e adeguata attenzione alla tutela del diritto allo studio degli studenti praticanti attivit\u00e0 sportiva agonistica;<\/li><li>sviluppo delle competenze digitali degli studenti, con particolare riguardo al pensiero computazionale, all&#8217;utilizzo critico e consapevole dei social network e dei media, nonch\u00e9 alla produzione e ai legami con il mondo del lavoro;<\/li><li>cura specifica e consapevole delle soft skills.<\/li><\/ul><p>Il medesimo Atto di indirizzo individua le seguenti <strong>dimensioni\u00a0programmatiche di fondo<\/strong>:<\/p><p><strong>\u00a01. Fornire agli studenti le<\/strong> <strong>competenze per il XXI secolo<\/strong>, mediante una offerta formativa che si caratterizzi per:<\/p><ul><li style=\"list-style-type: none;\"><ul><li>centralit\u00e0 della cultura, con particolare riferimento ai nessi tra cultura umanistica e cultura scientifica, ai diversi linguaggi della cultura, alla produzione e non solo alla fruizione di prodotti culturali;<\/li><li>potenziamento della logica della contaminazione dei saperi (trasversalit\u00e0 e interdisciplinarit\u00e0) in particolare entro l\u2019area dell\u2019Educazione civica (definizione di un solido curricolo di Educazione civica e dei relativi criteri di valutazione, con riferimento alle tematiche indicate nella Legge 92\/2019 e ai nuclei concettuali definiti nelle Linee guida) e dei PCTO (nel rispetto della specificit\u00e0 dei percorsi formativi attivati &#8211; liceo sportivo, musicale, scientifico, Cambridge, Matematica+ &#8211; e in interazione con la progettualit\u00e0 complessiva del liceo;<\/li><li>sviluppo della didattica per competenze (in coerenza con le <em>Indicazioni nazionali riguardanti gli obiettivi specifici di apprendimento concernenti le attivit\u00e0 e gli insegnamenti compresi nei piani degli studi previsti per i percorsi liceali<\/em> e nell\u2019ottica del quadro europeo &#8211; <em>Competenze chiave per l\u2019apprendimento permanente<\/em> del 2018) e della valutazione autentica con rubriche di valutazione, anche attraverso la programmazione di Dipartimento per classi parallele e la definizione del curricolo per ogni area disciplinare\/disciplina, identificando a livello di Dipartimento i traguardi per competenze, le metodologie, le modalit\u00e0 di verifica e valutazione;<\/li><li>valorizzazione della dimensione della internazionalizzazione (potenziamento linguistico e competenze interculturali).<\/li><\/ul><\/li><\/ul><p><strong>2. Sviluppare innovazione didattica<\/strong>, in particolare attraverso<\/p><ul><li>sperimentazione di metodologie didattiche innovative finalizzate al successo formativo degli studenti;<\/li><li>implementazione della didattica digitale (<em>con<\/em> il digitale e <em>sul<\/em> digitale con particolare attenzione allo sviluppo delle competenze digitali degli studenti), entro un equilibrato quadro di pluralit\u00e0 degli approcci metodologici e una costante qualificazione degli strumenti e degli ambienti di apprendimento;<\/li><li>attivazione e consolidamento delle attivit\u00e0 di ricerca e sperimentazione, anche in collaborazione con enti e soggetti pubblici e privati riconosciuti nel campo della ricerca educativa;<\/li><li>potenziamento delle metodologie laboratoriali e delle attivit\u00e0 di laboratorio.<\/li><\/ul><p><strong>3. Configurare la scuola quale \u201ccomunit\u00e0 di apprendimento\u201d<\/strong>, mediante<\/p><ul><li>centralit\u00e0 della dimensione relazionale, nel rispetto e nella chiara consapevolezza dei rispettivi ruoli e responsabilit\u00e0;<\/li><li>definizione e cura degli ambienti e degli spazi;<\/li><li>massima valorizzazione delle esperienze di rete e di scambio tra scuole e con soggetti esterni pubblici e privati;<\/li><li>potenziamento dell&#8217;inclusione scolastica e del diritto allo studio degli alunni con bisogni educativi speciali attraverso percorsi individualizzati e personalizzati e una coerente elaborazione del PAI (Piano annuale dell\u2019inclusione);<\/li><li>valorizzazione dei percorsi formativi individualizzati, del coinvolgimento degli studenti e della partecipazione studentesca;<\/li><li>individuazione di percorsi e di sistemi funzionali alla premialit\u00e0 e alla valorizzazione del merito degli studenti;<\/li><li>prevenzione e contrasto di ogni forma di discriminazione e del bullismo, anche informatico;<\/li><li>implementazione delle aree della continuit\u00e0 (con particolare riferimento alla continuit\u00e0 rispetto all\u2019ordine di scuola precedente e al passaggio delle informazioni) e dell\u2019orientamento e ri-orientamento;<\/li><li>implementazione della cultura della valutazione e delle pratiche di autovalutazione di istituto e di valutazione di sistema, nell\u2019ottica del miglioramento e della <em>learning organization<\/em>.<\/li><\/ul><p><a href=\"https:\/\/ptof.liceoattiliobertolucci.org\/25-28\/wp-content\/uploads\/2024\/12\/timbro_Atto-indirizzo-PTOF-2025_2028-signed.pdf\">Scarica l&#8217;Atto di indirizzo del Dirigente scolastico<\/a><\/p>\t\t\t\t\t\t\t\t<\/div>\n\t\t\t\t<\/div>\n\t\t\t\t\t<\/div>\n\t\t<\/div>\n\t\t\t\t\t<\/div>\n\t\t<\/section>\n\t\t\t\t<\/div>\n\t\t","protected":false},"excerpt":{"rendered":"<p>SCELTE STRATEGICHE DAL RAV AL PIANO DI MIGLIORAMENTO 2025\/2028 Il Piano di miglioramento 2022\/2025: un primo bilancio In linea con i risultati emersi nell\u2019autovalutazione di istituto e presentati nel Rapporto di autovalutazione (RAV), il Piano di miglioramento 2022\/2025 ha individuato le priorit\u00e0 e i traguardi di miglioramento, nelle aree dei Risultati nelle prove standardizzate nazionali &hellip; <\/p>\n<p class=\"link-more\"><a href=\"https:\/\/ptof.liceoattiliobertolucci.org\/25-28\/indice\/scelte-strategiche\/\" class=\"more-link\">Leggi tutto<span class=\"screen-reader-text\"> &#8220;SCELTE STRATEGICHE&#8221;<\/span><\/a><\/p>\n","protected":false},"author":1,"featured_media":0,"parent":19,"menu_order":0,"comment_status":"closed","ping_status":"closed","template":"elementor_header_footer","meta":{"footnotes":""},"class_list":["post-117","page","type-page","status-publish","hentry"],"_links":{"self":[{"href":"https:\/\/ptof.liceoattiliobertolucci.org\/25-28\/wp-json\/wp\/v2\/pages\/117","targetHints":{"allow":["GET"]}}],"collection":[{"href":"https:\/\/ptof.liceoattiliobertolucci.org\/25-28\/wp-json\/wp\/v2\/pages"}],"about":[{"href":"https:\/\/ptof.liceoattiliobertolucci.org\/25-28\/wp-json\/wp\/v2\/types\/page"}],"author":[{"embeddable":true,"href":"https:\/\/ptof.liceoattiliobertolucci.org\/25-28\/wp-json\/wp\/v2\/users\/1"}],"replies":[{"embeddable":true,"href":"https:\/\/ptof.liceoattiliobertolucci.org\/25-28\/wp-json\/wp\/v2\/comments?post=117"}],"version-history":[{"count":47,"href":"https:\/\/ptof.liceoattiliobertolucci.org\/25-28\/wp-json\/wp\/v2\/pages\/117\/revisions"}],"predecessor-version":[{"id":813,"href":"https:\/\/ptof.liceoattiliobertolucci.org\/25-28\/wp-json\/wp\/v2\/pages\/117\/revisions\/813"}],"up":[{"embeddable":true,"href":"https:\/\/ptof.liceoattiliobertolucci.org\/25-28\/wp-json\/wp\/v2\/pages\/19"}],"wp:attachment":[{"href":"https:\/\/ptof.liceoattiliobertolucci.org\/25-28\/wp-json\/wp\/v2\/media?parent=117"}],"curies":[{"name":"wp","href":"https:\/\/api.w.org\/{rel}","templated":true}]}}