{"id":299,"date":"2021-11-24T16:02:38","date_gmt":"2021-11-24T16:02:38","guid":{"rendered":"https:\/\/ptof.liceoattiliobertolucci.org\/25-28\/?page_id=299"},"modified":"2025-04-25T17:56:16","modified_gmt":"2025-04-25T17:56:16","slug":"organizzazione-didattica","status":"publish","type":"page","link":"https:\/\/ptof.liceoattiliobertolucci.org\/25-28\/indice\/organizzazione-didattica\/","title":{"rendered":"ORGANIZZAZIONE DIDATTICA"},"content":{"rendered":"\t\t<div data-elementor-type=\"wp-page\" data-elementor-id=\"299\" class=\"elementor elementor-299\">\n\t\t\t\t\t\t<section class=\"elementor-section elementor-top-section elementor-element elementor-element-e83b528 elementor-section-boxed elementor-section-height-default elementor-section-height-default\" data-id=\"e83b528\" data-element_type=\"section\" id=\"mybread\" data-settings=\"{&quot;background_background&quot;:&quot;classic&quot;}\">\n\t\t\t\t\t\t<div class=\"elementor-container elementor-column-gap-no\">\n\t\t\t\t\t<div class=\"elementor-column elementor-col-100 elementor-top-column elementor-element elementor-element-e1902ae\" data-id=\"e1902ae\" data-element_type=\"column\">\n\t\t\t<div class=\"elementor-widget-wrap elementor-element-populated\">\n\t\t\t\t\t\t<div class=\"elementor-element elementor-element-255ff7e elementor-widget elementor-widget-shortcode\" data-id=\"255ff7e\" data-element_type=\"widget\" data-widget_type=\"shortcode.default\">\n\t\t\t\t<div class=\"elementor-widget-container\">\n\t\t\t\t\t\t\t<div class=\"elementor-shortcode\">\t\t\t<!-- Flexy Breadcrumb -->\r\n\t\t\t<div class=\"fbc fbc-page\">\r\n\r\n\t\t\t\t<!-- Breadcrumb wrapper -->\r\n\t\t\t\t<div class=\"fbc-wrap\">\r\n\r\n\t\t\t\t\t<!-- Ordered list-->\r\n\t\t\t\t\t<ol class=\"fbc-items\" itemscope itemtype=\"https:\/\/schema.org\/BreadcrumbList\">\r\n\t\t\t\t\t\t            <li itemprop=\"itemListElement\" itemscope itemtype=\"https:\/\/schema.org\/ListItem\">\r\n                <span itemprop=\"name\">\r\n                    <!-- Home Link -->\r\n                    <a itemprop=\"item\" href=\"https:\/\/ptof.liceoattiliobertolucci.org\/25-28\">\r\n                    \r\n                                                    <i class=\"fa fa-home\" aria-hidden=\"true\"><\/i>PTOF 2025 - 2028                    <\/a>\r\n                <\/span>\r\n                <meta itemprop=\"position\" content=\"1\" \/><!-- Meta Position-->\r\n             <\/li><li><span class=\"fbc-separator\">\/<\/span><\/li><li class=\"active\" itemprop=\"itemListElement\" itemscope itemtype=\"https:\/\/schema.org\/ListItem\"><span itemprop=\"name\" title=\"ORGANIZZAZIONE DIDATTICA\">ORGANIZZAZIONE DIDATTICA<\/span><meta itemprop=\"position\" content=\"2\" \/><\/li>\t\t\t\t\t<\/ol>\r\n\t\t\t\t\t<div class=\"clearfix\"><\/div>\r\n\t\t\t\t<\/div>\r\n\t\t\t<\/div>\r\n\t\t\t<\/div>\n\t\t\t\t\t\t<\/div>\n\t\t\t\t<\/div>\n\t\t\t\t\t<\/div>\n\t\t<\/div>\n\t\t\t\t\t<\/div>\n\t\t<\/section>\n\t\t\t\t<section class=\"elementor-section elementor-top-section elementor-element elementor-element-443f2b1 elementor-section-boxed elementor-section-height-default elementor-section-height-default\" data-id=\"443f2b1\" data-element_type=\"section\">\n\t\t\t\t\t\t<div class=\"elementor-container elementor-column-gap-default\">\n\t\t\t\t\t<div class=\"elementor-column elementor-col-100 elementor-top-column elementor-element elementor-element-09688c0\" data-id=\"09688c0\" data-element_type=\"column\">\n\t\t\t<div class=\"elementor-widget-wrap elementor-element-populated\">\n\t\t\t\t\t\t<div class=\"elementor-element elementor-element-ef4ed2f elementor-widget elementor-widget-spacer\" data-id=\"ef4ed2f\" data-element_type=\"widget\" data-widget_type=\"spacer.default\">\n\t\t\t\t<div class=\"elementor-widget-container\">\n\t\t\t\t\t\t\t<div class=\"elementor-spacer\">\n\t\t\t<div class=\"elementor-spacer-inner\"><\/div>\n\t\t<\/div>\n\t\t\t\t\t\t<\/div>\n\t\t\t\t<\/div>\n\t\t\t\t<div class=\"elementor-element elementor-element-50669c4 elementor-widget elementor-widget-heading\" data-id=\"50669c4\" data-element_type=\"widget\" data-widget_type=\"heading.default\">\n\t\t\t\t<div class=\"elementor-widget-container\">\n\t\t\t\t\t<h2 class=\"elementor-heading-title elementor-size-default\">ORGANIZZAZIONE DIDATTICA<\/h2>\t\t\t\t<\/div>\n\t\t\t\t<\/div>\n\t\t\t\t\t<\/div>\n\t\t<\/div>\n\t\t\t\t\t<\/div>\n\t\t<\/section>\n\t\t\t\t<section class=\"elementor-section elementor-top-section elementor-element elementor-element-524ba2f elementor-section-boxed elementor-section-height-default elementor-section-height-default\" data-id=\"524ba2f\" data-element_type=\"section\">\n\t\t\t\t\t\t<div class=\"elementor-container elementor-column-gap-default\">\n\t\t\t\t\t<div class=\"elementor-column elementor-col-100 elementor-top-column elementor-element elementor-element-bb5d907\" data-id=\"bb5d907\" data-element_type=\"column\">\n\t\t\t<div class=\"elementor-widget-wrap elementor-element-populated\">\n\t\t\t\t\t\t<div class=\"elementor-element elementor-element-8062660 elementor-widget-divider--view-line elementor-widget elementor-widget-divider\" data-id=\"8062660\" data-element_type=\"widget\" data-widget_type=\"divider.default\">\n\t\t\t\t<div class=\"elementor-widget-container\">\n\t\t\t\t\t\t\t<div class=\"elementor-divider\">\n\t\t\t<span class=\"elementor-divider-separator\">\n\t\t\t\t\t\t<\/span>\n\t\t<\/div>\n\t\t\t\t\t\t<\/div>\n\t\t\t\t<\/div>\n\t\t\t\t\t<\/div>\n\t\t<\/div>\n\t\t\t\t\t<\/div>\n\t\t<\/section>\n\t\t\t\t<section class=\"elementor-section elementor-top-section elementor-element elementor-element-a4631e3 contenutolungo elementor-section-boxed elementor-section-height-default elementor-section-height-default\" data-id=\"a4631e3\" data-element_type=\"section\">\n\t\t\t\t\t\t<div class=\"elementor-container elementor-column-gap-default\">\n\t\t\t\t\t<div class=\"elementor-column elementor-col-100 elementor-top-column elementor-element elementor-element-3a03cb9\" data-id=\"3a03cb9\" data-element_type=\"column\">\n\t\t\t<div class=\"elementor-widget-wrap elementor-element-populated\">\n\t\t\t\t\t\t<div class=\"elementor-element elementor-element-3639b0a elementor-widget elementor-widget-text-editor\" data-id=\"3639b0a\" data-element_type=\"widget\" data-widget_type=\"text-editor.default\">\n\t\t\t\t<div class=\"elementor-widget-container\">\n\t\t\t\t\t\t\t\t\t<h2><strong><br \/>DALLE AREE DISCIPLINARI ALLE DISCIPLINE: DIDATTICA PER COMPETENZE <\/strong><\/h2><p>La definizione per ogni area disciplinare degli aspetti salienti (parole chiave, competenze target) permette una riflessione ed una declinazione specifica della \u201cprogettazione\u201d disciplinare.<\/p><p><strong>Ogni Dipartimento disciplinare elabora una cornice condivisa entro cui ogni <\/strong><strong>docente colloca la propria programmazione individuale per ogni singola classe.<\/strong><\/p><p>Le programmazioni individuali\/piano di lavoro di ogni singolo docente sono pubblicate annualmente sul registro on line entro il 30 novembre.<\/p><h2><strong><br \/>VERIFICHE E VALUTAZIONI <\/strong><\/h2><p><strong>a) La valutazione come intelligenza pedagogica <\/strong><\/p><p>La verifica e la valutazione sono momenti essenziali del processo formativo. Sono una forma di intelligenza pedagogica che ha il compito di guidare e regolare i processi di apprendimento.<\/p><p>In particolare la valutazione costituisce momento essenziale in vista dell\u2019organizzazione dei momenti di recupero.<\/p><p><span style=\"color: var( --e-global-color-text ); font-family: var( --e-global-typography-text-font-family ), Sans-serif; font-weight: var( --e-global-typography-text-font-weight ); font-size: 1rem;\">La valutazione deve tener conto delle <\/span><strong style=\"color: var( --e-global-color-text ); font-family: var( --e-global-typography-text-font-family ), Sans-serif; font-size: 1rem;\">competenze trasversali<\/strong><span style=\"color: var( --e-global-color-text ); font-family: var( --e-global-typography-text-font-family ), Sans-serif; font-weight: var( --e-global-typography-text-font-weight ); font-size: 1rem;\"> che vengono richieste agli studenti nella relazione con la scuola, coi docenti e nello svolgimento di attivit\u00e0\/compiti assegnati.<\/span><\/p><p>A tal fine \u00e8 opportuno privilegiare la <strong>valutazione di tipo formativo<\/strong>, tenendo conto non solo del livello di conseguimento dei singoli obiettivi, ma anche di: &#8211; partecipazione alle diverse proposte di didattica a distanza sincrone e asincrone &#8211; rispetto delle regole e puntualit\u00e0 durante tali attivit\u00e0 &#8211; valutazione delle competenze disciplinari &#8211; considerazione che una valutazione negativa dovr\u00e0 rientrare in un percorso di supporto e miglioramento relativo al percorso dello studente. La valutazione formativa dovr\u00e0 dunque tener conto \u201c<strong><em>della qualit\u00e0 dei processi attivati, della disponibilit\u00e0 ad apprendere, a lavorare in gruppo, dell\u2019autonomia, della responsabilit\u00e0 personale e sociale e del processo di autovalutazione. In tal modo, la valutazione della dimensione oggettiva delle evidenze empiriche osservabili \u00e8 integrata, anche attraverso l\u2019uso di opportune rubriche e diari di bordo, da quella pi\u00f9 propriamente formativa in grado di restituire una valutazione complessiva dello studente che apprende.<\/em><\/strong>\u201d Si evidenzia l\u2019esplicito richiamo alle <strong>rubriche di valutazione<\/strong> che si ritengono uno strumento fondamentale <strong>per la valutazione delle competenze poich\u00e9 consentono di andare ad integrare la dimensione soggettiva, oggettiva, intersoggettiva della valutazione<\/strong>.<\/p><p><strong><br \/>b) Momenti formali di comunicazione della valutazione<\/strong><\/p><p><strong>per il Liceo Scientifico e Sportivo <\/strong><\/p><ul><li>Fine primo periodo valutativo e giugno: scrutini a partire da gennaio; giugno scrutini finali<\/li><\/ul><p><strong>per il Liceo Musicale <\/strong><\/p><ul><li>Fine primo periodo valutativo<\/li><li>giugno scrutini finali<\/li><\/ul><p><strong><br \/>c) Il registro elettronico <\/strong><\/p><p>Ogni studente pu\u00f2 seguire l\u2019andamento delle verifiche e\/o delle valutazioni mediante registro elettronico. Gli insegnanti si impegnano affinch\u00e9 sul registro elettronico non siano riportati solo i voti ma anche ogni altra informazione utile che permetta allo studente e ai genitori di seguire costantemente l\u2019evoluzione del processo di apprendimento. Il registro, tuttavia, non sostituisce il colloquio diretto con i docenti, momento di confronto e di approfondimento non solo del percorso formativo ma anche del comune impegno educativo (cfr Patto educativo).<\/p><h2><strong><br \/>CRITERI DI VALUTAZIONE <\/strong><\/h2><p>Il collegio docenti ha deliberato di utilizzare i parametri sotto riportati per la definizione dei <strong>voti nelle diverse discipline<\/strong>.<\/p><p>Inoltre ogni docente si impegna ad utilizzare i <strong>parametri di valutazione definiti a livello di dipartimento<\/strong>. Alcuni dipartimenti hanno definito anche <strong>griglie comuni<\/strong> per la correzione e la valutazione delle <strong>diverse tipologie di verifica<\/strong>.<\/p><p>Ci\u00f2 permette<\/p><ul><li>una maggiore trasparenza del processo di valutazione<\/li><li>un lavoro comune, sia in sede di progettazione che di monitoraggio, che facilita l\u2019intercambiabilit\u00e0 tra docenti nei momenti formali di recupero (corsi di recupero) e nelle attivit\u00e0 di recupero a classi aperte.<\/li><\/ul><p>La valutazione avviene attraverso lo strumento del voto (da 1 a 10). Al fine di favorire ulteriore trasparenza e nella certezza che conoscere e condividere i parametri di valutazione costituisca un elemento importante a livello di motivazione e consapevolezza degli studenti il collegio docenti ha deliberato la seguente corrispondenza tra voti e giudizi.<\/p><h2><strong><br \/>CORRISPONDENZA VOTI<\/strong><\/h2><table width=\"657\"><tbody><tr><td width=\"64\"><p><strong>VOTO <\/strong><\/p><\/td><td width=\"132\"><p><strong>GIUDIZIO <\/strong><\/p><\/td><td width=\"460\"><p><strong>Descrittori &#8211; Indicatori<\/strong><\/p><\/td><\/tr><tr><td width=\"64\"><p><strong>10 <\/strong><\/p><\/td><td width=\"132\"><p>ECCELLENTE<\/p><\/td><td width=\"460\"><p>Conoscenza approfondita dei contenuti con capacit\u00e0 di rielaborazione critica; completa padronanza della metodologia disciplinare; ottime capacit\u00e0 di trasferire le conoscenze maturate; brillanti capacit\u00e0 espositive e sicura padronanza dei linguaggi specifici<\/p><\/td><\/tr><tr><td width=\"64\"><p><strong>9 <\/strong><\/p><\/td><td width=\"132\"><p>OTTIMO<\/p><\/td><td width=\"460\"><p>Conoscenza approfondita e personale dei contenuti disciplinari; rielaborazione personale delle conoscenze; buona padronanza della metodologia disciplinare; capacit\u00e0 di organizzazione dei contenuti e collegamento degli stessi tra i diversi saperi; ottima capacit\u00e0 espositiva;uso corretto dei linguaggi formali.<\/p><\/td><\/tr><tr><td width=\"64\"><p><strong>8 <\/strong><\/p><\/td><td width=\"132\"><p>BUONO<\/p><\/td><td width=\"460\"><p>Sicura conoscenza dei contenuti; buona rielaborazione delle conoscenze; comprensione e padronanza della metodologia disciplinare; capacit\u00e0 di operare collegamenti tra i saperi se guidato; chiarezza espositiva e propriet\u00e0 lessicali; utilizzo preciso e adeguato di linguaggi specifici.<\/p><\/td><\/tr><tr><td width=\"64\"><p><strong>7 <\/strong><\/p><\/td><td width=\"132\"><p>DISCRETO<\/p><\/td><td width=\"460\"><p>Conoscenza di gran parte dei contenuti; discreta rielaborazione delle conoscenze; buon possesso delle conoscenze non correlato alla capacit\u00e0 di operare collegamenti tra le stesse; capacit\u00e0 di risolvere semplici problemi; adeguata propriet\u00e0 espressiva e utilizzo dei linguaggi specifici.<\/p><\/td><\/tr><tr><td width=\"64\"><p><strong>6 <\/strong><\/p><\/td><td width=\"132\"><p>SUFFICIENTE<\/p><\/td><td width=\"460\"><p>Conoscenza degli elementi basilari e del lessico specifico,\u00a0 padronanza delle conoscenze essenziali, capacit\u00e0 di riconoscere i problemi fondamentali, sufficiente propriet\u00e0 espositiva.<\/p><\/td><\/tr><tr><td width=\"64\"><p><strong>5 <\/strong><\/p><\/td><td width=\"132\"><p>INSUFFICIENTE<\/p><\/td><td width=\"460\"><p>Conoscenza lacunosa dei contenuti; scarsa padronanza delle\u00a0<span style=\"color: var( --e-global-color-text ); font-family: var( --e-global-typography-text-font-family ), Sans-serif; font-weight: var( --e-global-typography-text-font-weight ); font-size: 1rem;\">conoscenze; non sufficiente possesso delle conoscenze; scarsa capacit\u00e0 di individuazione dei problemi; incerta capacit\u00e0 espositiva e uso di un linguaggio impreciso.<\/span><\/p><\/td><\/tr><\/tbody><\/table><table width=\"657\"><tbody><tr><td width=\"64\"><p><strong>1-4 <\/strong><\/p><\/td><td width=\"132\"><p>GRAVEMENTE INSUFFICIENTE<\/p><\/td><td width=\"460\"><p>Conoscenza al pi\u00f9 frammentaria (o non conoscenza) dei contenuti; incapacit\u00e0 di riconoscere semplici questioni; scarsa o nulla capacit\u00e0 espositiva; assenza di un linguaggio adeguato.<\/p><\/td><\/tr><\/tbody><\/table><h2><strong><br \/>Valutazione comportamento degli studenti <\/strong><\/h2><p>La legge 169 \/ 2008 introduce il voto riferito al comportamento degli studenti come elemento che \u201c<em>concorre alla valutazione complessiva dello studente e determina, se inferiore a sei decimi, la non ammissione al successivo anno di corso o all&#8217;esame conclusivo del ciclo<\/em>\u201d (art. 2).<\/p><p>La recente revisione della disciplina in materia di valutazione delle studentesse e degli studenti\u00a0<span style=\"font-size: 1rem;\">(settembre 2024) ha introdotto alcune significative modifiche relative alla valutazione del\u00a0<\/span><span style=\"font-size: 1rem;\">comportamento, che saranno definiti con l\u2019adozione, da parte del Ministero, di uno o pi\u00f9 regolamenti\u00a0<\/span><span style=\"font-size: 1rem;\">specifici.<\/span><\/p><p>Il Liceo Bertolucci utilizza le seguente griglia per definire la valutazione del comportamento degli studenti:<\/p><table width=\"616\"><tbody><tr><td colspan=\"2\" width=\"616\"><p><strong>INDICATORI \u2013 DESCRITTORI PER LA VALUTAZIONE DEL COMPORTAMENTO<\/strong><\/p><\/td><\/tr><tr><td colspan=\"2\" width=\"616\"><p><strong>PREMESSA <\/strong><\/p><p>\u2022 La presente tabella considera i comportamenti degli alunni all\u2019interno della\u00a0 scuola durante il normale orario delle lezioni, ma anche in orario\u00a0<span style=\"font-size: 1rem;\">extracurricolare, durante i trasferimenti di sede e in occasione di conferenze\u00a0 all\u2019esterno dell\u2019Istituto, visite guidate e viaggi di istruzione.<\/span><\/p><p>\u2022 Per l\u2019attribuzione del voto di condotta <strong><u>non <\/u><\/strong>\u00e8 necessario che ricorrano tutti i\u00a0 descrittori.<\/p><\/td><\/tr><tr><td width=\"89\"><p><strong>VOTO <\/strong><\/p><\/td><td width=\"527\"><p><strong>INDICATORI \u2013 DESCRITTORI<\/strong><\/p><\/td><\/tr><tr><td width=\"89\"><p><strong>10<\/strong><\/p><\/td><td width=\"527\"><p><strong>Comportamento<\/strong>:<\/p><p>L\u2019alunno\/a\u00a0<\/p><p>\u2022 \u00e8 corretto e responsabile con i docenti, con i compagni e con il\u00a0 personale della scuola<br \/><span style=\"color: var( --e-global-color-text ); font-family: var( --e-global-typography-text-font-family ), Sans-serif; font-weight: var( --e-global-typography-text-font-weight ); font-size: 1rem;\">\u2022 \u00e8 rispettoso degli altri e dei loro diritti<br \/><\/span><span style=\"color: var( --e-global-color-text ); font-family: var( --e-global-typography-text-font-family ), Sans-serif; font-weight: var( --e-global-typography-text-font-weight ); font-size: 1rem;\">\u2022 \u00e8 responsabile e rispettoso delle norme che regolano la vita\u00a0 dell\u2019Istituto<br \/><\/span><span style=\"color: var( --e-global-color-text ); font-family: var( --e-global-typography-text-font-family ), Sans-serif; font-weight: var( --e-global-typography-text-font-weight ); font-size: 1rem;\">\u2022 non ha a suo carico provvedimenti disciplinari<br \/><\/span><span style=\"color: var( --e-global-color-text ); font-family: var( --e-global-typography-text-font-family ), Sans-serif; font-weight: var( --e-global-typography-text-font-weight ); font-size: 1rem;\">\u2022 utilizza in modo responsabile il materiale e le strutture della\u00a0 scuola<\/span><\/p><p><strong>Frequenza<\/strong>:<\/p><p>\u2022 frequenta con assiduit\u00e0 le lezioni e rispetta gli orari<br \/><span style=\"color: var( --e-global-color-text ); font-family: var( --e-global-typography-text-font-family ), Sans-serif; font-weight: var( --e-global-typography-text-font-weight ); font-size: 1rem;\">\u2022 giustifica le assenze e i ritardi con tempestivit\u00e0<\/span><\/p><p><strong>Partecipazione al dialogo educativo<\/strong>:<\/p><p>\u2022 \u00e8 consapevole del proprio dovere\u00a0<br \/><span style=\"color: var( --e-global-color-text ); font-family: var( --e-global-typography-text-font-family ), Sans-serif; font-weight: var( --e-global-typography-text-font-weight ); font-size: 1rem;\">\u2022 partecipa costantemente e criticamente alla vita scolastica\u00a0<\/span><\/p><p><span style=\"color: var( --e-global-color-text ); font-family: var( --e-global-typography-text-font-family ), Sans-serif; font-size: 1rem; font-weight: var( --e-global-typography-text-font-weight );\">\u2022 collabora proficuamente con compagni ed insegnanti dando il\u00a0 proprio contributo all\u2019attivit\u00e0 didattica<\/span><\/p><p><span style=\"color: var( --e-global-color-text ); font-family: var( --e-global-typography-text-font-family ), Sans-serif; font-weight: var( --e-global-typography-text-font-weight ); font-size: 1rem;\">\u2022 sa fornire un contributo positivo alla soluzione di situazioni di\u00a0<\/span><span style=\"color: var( --e-global-color-text ); font-family: var( --e-global-typography-text-font-family ), Sans-serif; font-weight: var( --e-global-typography-text-font-weight ); font-size: 1rem;\">conflittualit\u00e0 che si possono verificare in classe tra compagni o\u00a0 tra docenti e studenti<br \/><\/span><span style=\"color: var( --e-global-color-text ); font-family: var( --e-global-typography-text-font-family ), Sans-serif; font-weight: var( --e-global-typography-text-font-weight ); font-size: 1rem;\">\u2022 \u00e8 puntuale con le consegne<br \/><\/span><span style=\"color: var( --e-global-color-text ); font-family: var( --e-global-typography-text-font-family ), Sans-serif; font-weight: var( --e-global-typography-text-font-weight ); font-size: 1rem;\">\u2022 svolge il lavoro domestico assegnato<br \/><\/span><span style=\"color: var( --e-global-color-text ); font-family: var( --e-global-typography-text-font-family ), Sans-serif; font-weight: var( --e-global-typography-text-font-weight ); font-size: 1rem;\">\u2022 \u00e8 sempre munito del materiale necessario<br \/><\/span><span style=\"color: var( --e-global-color-text ); font-family: var( --e-global-typography-text-font-family ), Sans-serif; font-weight: var( --e-global-typography-text-font-weight ); font-size: 1rem;\">\u2022 partecipa alle attivit\u00e0 di Istituto<\/span><\/p><\/td><\/tr><\/tbody><\/table><table width=\"616\"><tbody><tr><td width=\"89\">\u00a0<\/td><td width=\"527\">\u00a0<\/td><\/tr><tr><td width=\"89\"><p><strong>9<\/strong><\/p><\/td><td width=\"527\"><p><strong>Comportamento<\/strong>:<\/p><p>L\u2019alunno\/a\u00a0<\/p><p>\u2022 \u00e8 corretto e responsabile con i docenti, con i compagni e con il\u00a0 personale della scuola<\/p><p>\u2022 \u00e8 rispettoso degli altri e dei loro diritti<\/p><p>\u2022 \u00e8 responsabile e rispettoso delle norme che regolano la vita\u00a0 dell\u2019Istituto<\/p><p>\u2022 non ha a suo carico provvedimenti disciplinari<\/p><p>\u2022 utilizza in modo responsabile il materiale e le strutture della\u00a0 scuola<\/p><p><strong>Frequenza<\/strong>:<\/p><p>\u2022 frequenta con assiduit\u00e0 le lezioni e rispetta gli orari<\/p><p>\u2022 giustifica le assenze e i ritardi con tempestivit\u00e0<\/p><p><strong>Partecipazione al dialogo educativo<\/strong>:<\/p><p>\u2022 \u00e8 consapevole del proprio dovere<\/p><p>\u2022 segue con interesse continuo le proposte didattiche\u00a0<\/p><p>\u2022 collabora in modo propositivo alla vita scolastica<\/p><p>\u2022 svolge il lavoro domestico assegnato<\/p><p>\u2022 \u00e8 puntuale con le consegne<\/p><p>\u2022 \u00e8 sempre munito del materiale necessario<\/p><\/td><\/tr><tr><td width=\"89\"><p><strong>8<\/strong><\/p><\/td><td width=\"527\"><p><strong>Comportamento<\/strong>:<\/p><p>L\u2019alunno\/a\u00a0<\/p><p>\u2022 \u00e8 nel complesso corretto con i docenti, con i compagni e con il\u00a0 personale della scuola<\/p><p>\u2022 \u00e8 rispettoso degli altri e dei loro diritti<\/p><p>\u2022 utilizza in modo adeguato il materiale e le strutture della scuola<\/p><p>\u2022 rispetta il regolamento ma a volte riceve richiami verbali\u00a0<\/p><p><strong>Frequenza<\/strong>:<\/p><p>\u2022 la frequenza non \u00e8 sempre regolare<\/p><p>\u2022 non rispetta sempre gli orari<\/p><p>\u2022 non giustifica assenze e ritardi con tempestivit\u00e0<\/p><p><strong>Partecipazione al dialogo educativo<\/strong>:<\/p><p>\u2022 non ha una precisa consapevolezza del proprio dovere scolastico<\/p><p>\u2022 segue le proposte didattiche ma con un impegno non sempre\u00a0 costante<\/p><p>\u2022 di solito rispetta le consegne<\/p><p>\u2022 a volte non svolge il lavoro domestico assegnato<\/p><p>\u2022 \u00e8 munito del materiale necessario<\/p><\/td><\/tr><tr><td width=\"89\">\u00a0<\/td><td width=\"527\"><p><strong>Comportamento<\/strong>:<\/p><\/td><\/tr><\/tbody><\/table><table width=\"616\"><tbody><tr><td width=\"89\"><p><strong>7 <\/strong><\/p><\/td><td width=\"527\"><p>L\u2019alunno\/a<\/p><p>\u2022 non \u00e8 sempre corretto con i docenti, con i compagni e con il\u00a0 personale della scuola<\/p><p>\u2022 a volte assume atteggiamenti poco rispettosi verso gli altri<\/p><p>\u2022 utilizza in maniera non accurata il materiale e le strutture dalla\u00a0 scuola<\/p><p>\u2022 non sempre rispetta le regole dell\u2019Istituto<\/p><p>\u2022 ha riportato note disciplinari (avvertimenti) sul registro di classe\u00a0 senza sanzioni disciplinari<\/p><p>\u2022 a volte \u00e8 di disturbo alla lezione<\/p><p><strong>Frequenza<\/strong>:<\/p><p>\u2022 la frequenza \u00e8 discontinua con assenze e ritardi che non\u00a0 giustifica regolarmente<\/p><p>\u2022 a volte si rende responsabile di assenze strategiche<\/p><p><strong>Partecipazione al dialogo educativo<\/strong>:<\/p><p>\u2022 \u00e8 poco consapevole del proprio dovere scolastico<\/p><p>\u2022 segue in modo marginale l\u2019attivit\u00e0 scolastica\u00a0<\/p><p>\u2022 partecipa in modo contenuto al lavoro in classe<\/p><p>\u2022 molte volte non rispetta le consegne<\/p><p>\u2022 spesso non svolge il lavoro domestico assegnato<\/p><p>\u2022 molte volte non \u00e8 munito del materiale necessario<\/p><\/td><\/tr><tr><td width=\"89\"><p><strong>6<\/strong><\/p><\/td><td width=\"527\"><p><strong>Comportamento<\/strong>:<\/p><p>L\u2019alunno\/a<\/p><p>\u2022 ha un comportamento poco corretto nei confronti dei docenti, dei\u00a0 compagni e del personale della scuola<\/p><p>\u2022 spesso assume atteggiamenti poco rispettosi verso gli altri e i\u00a0 loro diritti<\/p><p>\u2022 utilizza in maniera trascurata il materiale e le strutture della scuola<\/p><p>\u2022 ha riportato note disciplinari sul registro riferite ai genitori e al\u00a0 Consiglio di Classe\u00a0<\/p><p>\u2022 \u00e8 stato allontanato dalla comunit\u00e0 scolastica per un periodo non\u00a0 superiore ai 15 giorni<\/p><p>\u2022 compie atti di danneggiamento o \u00e8 complice in atti di\u00a0 danneggiamento che comportano lievi danni ad attrezzature o al\u00a0 materiale dei compagni<\/p><p>\u2022 utilizza ripetutamente, non autorizzato e in modo improprio, il\u00a0 telefono cellulare o il videofonino o altre apparecchiature durante\u00a0 lo svolgimento delle lezioni o comunque all\u2019interno dell\u2019area\u00a0 scolastica.<\/p><p><strong>Frequenza<\/strong>:<\/p><p>\u2022 le assenze sono frequenti<\/p><p>\u2022 i ritardi sono sistematici<\/p><p>\u2022 fa assenze strategiche per evitare le verifiche<\/p><p>\u2022 non giustifica assenze e ritardi o le giustificazioni sono di dubbia\u00a0 autenticit\u00e0<\/p><p><strong>Partecipazione al dialogo educativo<\/strong>:<\/p><\/td><\/tr><\/tbody><\/table><table width=\"616\"><tbody><tr><td width=\"89\">\u00a0<\/td><td width=\"527\"><p>\u2022 \u00e8 inadeguato nello svolgere il proprio dovere scolastico<\/p><p>\u2022 partecipa con scarso interesse al dialogo educativo<\/p><p>\u2022 spesso disturba o \u00e8 disattento in classe<\/p><p>\u2022 non svolge il lavoro domestico assegnato<\/p><p>\u2022 rispetta le consegne saltuariamente<\/p><p>\u2022 spesso non \u00e8 munito del materiale necessario<\/p><\/td><\/tr><tr><td width=\"89\"><p><strong>5<\/strong><\/p><\/td><td width=\"527\"><p><strong>Comportamento<\/strong>:<\/p><p>L\u2019alunno\/a<\/p><p>\u2022 ha un comportamento arrogante e non rispettoso nei confronti\u00a0 dei docenti, dei compagni e del personale della scuola<\/p><p>\u2022 rifiuta sistematicamente le regole dell\u2019Istituto<\/p><p>\u2022 utilizza in maniera trascurata e irresponsabile il materiale e le\u00a0 strutture della scuola<\/p><p>\u2022 ha atteggiamenti e comportamenti xenofobi e razzisti, usa\u00a0 ripetutamente un linguaggio deliberatamente offensivo nei\u00a0 confronti di fedi religiose<\/p><p>\u2022 si rende responsabile di atti di bullismo o di complicit\u00e0 agli stessi<\/p><p>\u2022 utilizza ripetutamente, non autorizzato e in modo improprio, il\u00a0 telefono cellulare o il videofonino o altre apparecchiature durante\u00a0 lo svolgimento delle lezioni o comunque all\u2019interno dell\u2019area\u00a0 scolastica con violazione della privacy di docenti, dei compagni e\u00a0 del personale della scuola e diffusione del materiale in modo\u00a0 improprio<\/p><p>\u2022 ha riportato note disciplinari sul registro riferite ai genitori e al\u00a0 Consiglio di Classe ed \u00e8 stato allontanato dalla comunit\u00e0\u00a0 scolastica per un periodo superiore ai 15 giorni per violazione del\u00a0 regolamento (D.M. n.5 del 16\/01\/09)<\/p><p>\u2022 \u201csuccessivamente alla comminazione delle sanzioni di natura\u00a0 educativa e riparatoria previste dal sistema disciplinare, non ha\u00a0 dimostrato apprezzabili e concreti cambiamenti nel\u00a0<span style=\"font-size: 1rem;\">comportamento, tali da evidenziare un sufficiente livello di\u00a0 miglioramento nel suo percorso di crescita e di maturazione\u201d\u00a0 (art.4 del D.M. n. 5 del 16\/01\/09)<\/span><\/p><p><strong>Frequenza<\/strong>:<\/p><p>\u2022 le assenze sono ripetute e\/o strategiche<\/p><p>\u2022 i ritardi sono sistematici e\/o strategici<\/p><p>\u2022 non giustifica assenze e ritardi o le giustificazioni sono di dubbia\u00a0 autenticit\u00e0<\/p><p><strong>Partecipazione al dialogo educativo<\/strong>:<\/p><p>\u2022 non ha consapevolezza del proprio dovere scolastico<\/p><p>\u2022 non ha interesse per il dialogo educativo<\/p><p>\u2022 \u00e8 fonte di disturbo durante le lezioni<\/p><p>\u2022 non rispetta le consegne<\/p><p>\u2022 non svolge il lavoro domestico assegnato<\/p><p>\u2022 \u00e8 sistematicamente privo del materiale necessario<\/p><\/td><\/tr><\/tbody><\/table><h2><strong><br \/>CRITERI DI VALUTAZIONE DI FINE ANNO SCOLASTICO <\/strong><\/h2><ul><li>Il consiglio di classe per decidere sulla ammissione o non ammissione alla classe successiva valuter\u00e0 se lo studente ha acquisito conoscenze e competenze che gli consentano di proseguire nella classe successiva.<\/li><li>Tutte le discipline concorrono alla formazione culturale e personale dello studente.<\/li><li>Per tutte le classi, un insufficiente profitto ricorrente in pi\u00f9 discipline, anche affini, nel caso richieda la necessit\u00e0 di tempi lunghi di recupero, pu\u00f2 essere un elemento di giudizio non positivo ai fini dell\u2019ammissione alla classe successiva. Per studenti con carenze ed insufficienze l\u2019ammissione o non ammissione alla classe successiva \u00e8 regolata dalla normativa sulla sospensione del giudizio e sul recupero scolastico.<\/li><li>Nella valutazione l\u2019elemento prioritario del profitto, ricavabile dalla proposta di voto di ogni docente, va comunque integrato con ulteriori elementi derivanti dall\u2019analisi dei seguenti fattori:<ul><li>corsi di recupero<\/li><li>competenze trasversali secondo le rubriche di valutazione specifiche<\/li><li>attivit\u00e0 realizzate nei progetti POF<\/li><li>altre eventuali attivit\u00e0, anche a livello di territorio, cui abbia partecipato lo studente.<\/li><\/ul><\/li><li>Il consiglio di classe, negli scrutini di fine anno (nella sessione di giugno e nella successiva sessione prevista a conclusione del percorso di recupero) riferisce gli elementi di sua conoscenza riguardo ai singoli studenti, nel rispetto della normativa vigente e decide autonomamente sulla ammissione o non ammissione alla classe successiva.<\/li><li>I docenti dovranno utilizzare l\u2019intera gamma dei voti. In sede di scrutinio ogni insegnante presenter\u00e0 la propria valutazione espressa in numero intero.<\/li><li>Una valutazione di 5\/decimi o inferiore a 5\/decimi nel comportamento (\u201cvoto di condotta\u201d) implica la non ammissione alla classe successiva.<\/li><li>il Decreto legislativo 62\/2017 indica la possibilit\u00e0 di essere ammessi all\u2019Esame di Stato anche in presenza di una insufficienza in una disciplina o area disciplinare (art. 13 comma 2 punto d).<\/li><\/ul><p>La scuola inoltre partecipa alle verifiche promosse dal Ministero e finalizzate ad una valutazione del sistema formativo nazionale (prove INVALSI per le classi Seconde e Quinte), nel rispetto della normativa vigente.<\/p><h2><strong><br \/>ASSENZE E VALIDIT\u00c0 DELL\u2019ANNO SCOLASTICO <\/strong><\/h2><p>In relazione alla necessit\u00e0 della frequenza di almeno tre quarti dell&#8217;orario annuale personalizzato ai fini della validit\u00e0 dell&#8217;anno scolastico, di cui all&#8217;art.14, comma 7 del DPR 22 giugno 2009, n.122, il collegio docenti ha deliberato il seguente regolamento:<\/p><p><strong>VISTO<\/strong> il DPR n.122\/2009 \u201cRegolamento della valutazione\u201d che dispone: &#8211; art. 4 c. 5 \u201d <em>La valutazione finale degli apprendimenti e del comportamento dell&#8217;alunno \u00e8 riferita a ciascun anno scolastico\u201d ; <\/em>&#8211; art. 14 c.7 \u201c<em>A <\/em><em>decorrere dall&#8217;anno scolastico di entrata in vigore della riforma della scuola secondaria di secondo grado, <strong>ai fini della validit\u00e0 dell&#8217;anno scolastico<\/strong>, compreso quello relativo all&#8217;ultimo anno di corso, <strong>per<\/strong><\/em> <strong><em>procedere alla valutazione finale di ciascuno studente<\/em><\/strong><em>, \u00e8 richiesta la frequenza <strong>di almeno tre quarti dell&#8217;orario annuale <\/strong><\/em><strong><em>personalizzato<\/em><\/strong><em>. Le istituzioni scolastiche possono stabilire, per casi eccezionali, analogamente a quanto previsto per il primo ciclo, <\/em><em>motivate e straordinarie deroghe al suddetto limite. Tale deroga \u00e8 prevista per assenze documentate e continuative, <strong>a condizione, comunque, che tali assenze non pregiudichino, a giudizio del consiglio di classe, la possibilit\u00e0 di procedere alla valutazione degli alunni interessati. <\/strong>Il mancato conseguimento del limite minimo di frequenza,comprensivo delle deroghe riconosciute, comporta <\/em><em>\u00a0l&#8217;esclusione dallo scrutinio finale e la non ammissione alla classe <\/em><em>successiva o all&#8217;esame finale di ciclo.\u201d <\/em><\/p><p><strong>RITENUTO<\/strong> necessario stabilire criteri generali per dare trasparenza all\u2019operato dei Consigli di Classe nella valutazione degli studenti in sede di scrutini finali<\/p><p><strong>SENTITE<\/strong> le proposte avanzate dai docenti;<\/p><p><strong>IL COLLEGIO DOCENTI DELIBERA <\/strong><\/p><p>di adottare il seguente<\/p><p><strong>REGOLAMENTO APPLICATIVO DEL LIMITE DELLE ASSENZE PER LA <\/strong><strong>VALIDIT\u00c0 DELL\u2019ANNO SCOLASTICO ai sensi del DPR n.122\/2009 art. 14 c.7 <\/strong>:<\/p><p><strong>art. 1 &#8211; Calcolo della percentuale di assenze \u2013 <\/strong>Tutte le assenze, incluse le entrate e le uscite fuori orario,vengono annotate automaticamente mediante registro elettronico e controllate dal Docente sul Registro di Classe e sul Registro personale (per il liceo musicale le assenze sono registrate dai docenti senza l\u2019ausilio del registro elettronico) e sono sommate a fine anno.<\/p><p>La tabella di seguito riportata indica il limite massimo delle assenze , riferito alle diverse classi del nostro istituto corrispondente al 25% del monte ore annuo personalizzato.<\/p><p>Il mancato conseguimento del limite minimo di frequenza, comprensivo delle deroghe riconosciute ai sensi del successivo art.2 comporta l&#8217;esclusione dallo scrutinio finale e la non ammissione alla classe successiva o all&#8217;esame finale di ciclo<\/p><table width=\"616\"><tbody><tr><td width=\"253\"><p><strong>Classi <\/strong><\/p><\/td><td width=\"157\"><p><strong>Orario annuale <\/strong><\/p><p><strong>(ore lezione)<\/strong><\/p><\/td><td width=\"206\"><p><strong>Limite massimo assenze (25%)<\/strong><\/p><\/td><\/tr><tr><td width=\"253\">\u00a0<\/td><td width=\"157\">\u00a0<\/td><td width=\"206\">\u00a0<\/td><\/tr><tr><td width=\"253\">I &#8211; II\u00a0 \u00a0Liceo scientifico e sportivo<\/td><td width=\"157\">891<\/td><td width=\"206\">222<\/td><\/tr><tr><td width=\"253\"><p>III &#8211; IV &#8211; V\u00a0 \u00a0Liceo scientifico e sportivo<\/p><\/td><td width=\"157\"><p>990<\/p><\/td><td width=\"206\"><p>247<\/p><\/td><\/tr><tr><td width=\"253\"><p>I &#8211; II &#8211; III &#8211; IV &#8211; V\u00a0 \u00a0Liceo musicale<\/p><\/td><td width=\"157\"><p>1056<\/p><\/td><td width=\"206\"><p>264<\/p><\/td><\/tr><\/tbody><\/table><p><strong>art. 2 &#8211; Tipologie di assenza ammesse alla deroga <\/strong><\/p><p>Sono ammesse alla deroga le assenze documentate effettuate per periodi continuativi ricorrenti motivate con riferimento seguenti punti a) e b) , non superiori comunque al <strong>50% del monte ore annuale<\/strong>. Le tipologie di assenza ammesse alla deroga, dettate da cause di forza maggiore, riguardano:<\/p><p>a) <strong><em>motivi di salute continuativi<\/em><\/strong> ( es: ricovero ospedaliero o cure domiciliari, in forma continuativa o ricorrente, lunghi periodi di malattia ), purch\u00e9 documentati da apposita certificazione medica.<\/p><p>b) <strong><em>gravi motivi personali e\/o di famiglia documentati<\/em><\/strong><\/p><p>c) <strong><em>partecipazione a \u201cstage\u201d<\/em><\/strong> (anche sportivi ed artistici) di lunga durata ma non configurabili ai sensi del Decreto legislativo 77\/2005 come alternanza scuola lavoro Al di fuori delle suddette deroghe qualsiasi altra assenza effettuata durante l\u2019anno scolastico sar\u00e0 conteggiata nel monte ore di assenza annuale.<\/p><p><em>Tali deroghe sono comunque soggette alla valutazione del consiglio di classe che dovr\u00e0 valutare che le <strong>assenze effettuate, anche in deroga al monte ore, non pregiudichino, comunque, la possibilit\u00e0 di procedere alla valutazione degli alunni interessati. <\/strong><\/em><\/p><p><strong><em>\u00a0<\/em><\/strong><\/p><h2><strong><br \/>CREDITO SCOLASTICO <\/strong><\/h2><p>Il decreto Legislativo 62\/2017 ridefinisce il valore del credito scolastico assegnato ogni anno agli studenti &#8211; a partire dalla classe terza &#8211; I vista dell\u2019esame di stato. Il totale del credito assegnabile nei tre anni \u00e8 pari a 40 punti su 100 complessivi<\/p><p><strong>CREDITO SCOLASTICO <\/strong><\/p><p><strong style=\"color: var( --e-global-color-text ); font-family: var( --e-global-typography-text-font-family ), Sans-serif; font-size: 1rem;\">Candidati interni\u00a0<\/strong><\/p><p>Decreto Legislativo 13 aprile 2017, n. 62 \u00a0\u00a0TABELLA A di cui all\u2019art.15 comma 2<\/p><table width=\"603\"><tbody><tr><td width=\"177\">\u00a0<\/td><td colspan=\"3\" width=\"426\"><p>Credito scolastico (Punti)<\/p><\/td><\/tr><tr><td width=\"177\">\u00a0<\/td><td width=\"142\"><p>III anno<\/p><\/td><td width=\"142\"><p>IV anno<\/p><\/td><td width=\"142\"><p>V anno<\/p><\/td><\/tr><tr><td width=\"177\"><p>M &lt; 6<\/p><\/td><td width=\"142\"><p>&#8212;<\/p><\/td><td width=\"142\"><p>&#8212;<\/p><\/td><td width=\"142\"><p>7-8<\/p><\/td><\/tr><tr><td width=\"177\"><p>M = 6<\/p><\/td><td width=\"142\"><p>7-8<\/p><\/td><td width=\"142\"><p>8-9<\/p><\/td><td width=\"142\"><p>9-10<\/p><\/td><\/tr><tr><td width=\"177\"><p>6 &lt; M \u2264 7<\/p><\/td><td width=\"142\"><p>8-9<\/p><\/td><td width=\"142\"><p>9-10<\/p><\/td><td width=\"142\"><p>10-11<\/p><\/td><\/tr><tr><td width=\"177\"><p>7 &lt; M \u2264 8<\/p><\/td><td width=\"142\"><p>9-10<\/p><\/td><td width=\"142\"><p>10-11<\/p><\/td><td width=\"142\"><p>11-12<\/p><\/td><\/tr><tr><td width=\"177\"><p>8 &lt; M \u2264 9<\/p><\/td><td width=\"142\"><p>10-11<\/p><\/td><td width=\"142\"><p>11-12<\/p><\/td><td width=\"142\"><p>13-14<\/p><\/td><\/tr><tr><td width=\"177\"><p>9 &lt; M \u2264 10<\/p><\/td><td width=\"142\"><p>11-12<\/p><\/td><td width=\"142\"><p>12-13<\/p><\/td><td width=\"142\">\u00a0<\/td><\/tr><\/tbody><\/table><p>\u00a0 NOTA &#8211; M rappresenta la media dei voti conseguiti in sede di scrutinio finale di ciascun anno scolastico.<\/p><p><strong><em>Criteri di attribuzione dei punteggi: istruzioni per l\u2019uso <\/em><\/strong><\/p><p>Se la Media dei voti risulta pari o superiore al decimale 0,5 si attribuisce il punteggio pi\u00f9 alto della banda di appartenenza;<\/p><p>Se la Media dei voti \u00e8 inferiore al decimale 0,5 si attribuisce il punteggio pi\u00f9 basso della banda di appartenenza;<\/p><p>Il Consiglio di classe pu\u00f2 incrementare, nei limiti previsti dalla banda di oscillazione di appartenenza, il punteggio minimo previsto dalla banda in presenza di\u00a0<span style=\"font-size: 1rem;\">partecipazione con interesse e impegno alle attivit\u00e0 didattiche o ad attivit\u00e0 integrative dell\u2019Offerta Formativa.<\/span><\/p><p>La recente revisione della disciplina in materia di valutazione delle studentesse e degli studenti\u00a0<span style=\"font-size: 1rem;\">(settembre 2024) ha introdotto alcune modifiche anche relative alla connessione tra valutazione del comportamento e attribuzione del credito scolastico.<\/span><\/p><h2><strong><br \/>VALORIZZAZIONE DEL CURRICULUM DELLO STUDENTE<\/strong><\/h2><p>Nel Curriculum dello studente possono essere\u00a0autonomamente valorizzate le esperienze che hanno contribuito ad arricchire la formazione dell&#8217;alunno attraverso l&#8217;acquisizione di competenze ritenute coerenti con gli obiettivi del corso di studi seguito e con le finalit\u00e0 educative della scuola.<\/p><h2><strong><br \/>ATTIVIT\u00c0 DI RECUPERO: CRITERI ED ORGANIZZAZIONE <\/strong><\/h2><p>Tutta l\u2019azione educativa deve essere improntata alla logica secondo cui il recupero costituisce parte integrante e permanente della azione formativa. La normativa vigente richiede che siano avviate attivit\u00e0 tese al recupero da organizzarsi a partire dalle valutazioni emerse sia a livello di valutazione intermedia che a livello di valutazione relativa ai due periodi (I periodo e valutazione finale). In sede di scrutinio finale, inoltre, il consiglio di classe provvede a \u201csospendere il giudizio\u201d nei confronti degli studenti per i quali siano state rilevate carenze in una o pi\u00f9 discipline. La scuola comunica alla famiglia i voti proposti in sede di scrutinio nella o nelle discipline in cui lo studente non abbia raggiunto la sufficienza. Contestualmente sono comunicati gli interventi didattici finalizzati al recupero del o dei debiti formativi, le modalit\u00e0 e i tempi delle relative verifiche che la scuola \u2013 secondo la normativa attualmente vigente &#8211; \u00e8 tenuta a portare a termine entro la fine dell\u2019anno scolastico.<\/p><p>Le famiglie che non intendono avvalersi delle opportunit\u00e0 offerte dalla scuola sono tenute a comunicarlo alla stessa, fermo restando l\u2019obbligo di sottoporsi alle verifiche nei modi e nei tempi definiti dall\u2019istituto.<\/p><p><strong>Modalit\u00e0 di recupero<\/strong><\/p><p><span style=\"color: var( --e-global-color-text ); font-family: var( --e-global-typography-text-font-family ), Sans-serif; font-weight: var( --e-global-typography-text-font-weight ); font-size: 1rem;\">Il DM 80\/2007 indica diverse tipologie di azioni, riferite a situazioni tra loro diverse. Tra queste:<\/span><\/p><ul><li>supporto e recupero in itinere, anche con affidamento di percorsi individuali di recupero da svolgere in maniera autonoma da parte degli studenti<\/li><li>utilizzo della quota del 20% di flessibilit\u00e0 del curricolo con percorsi di recupero collocati nelle attivit\u00e0 scolastiche svolte durante il consueto orario<\/li><li>sportelli di studio assistito ed interventi legati alla dimensione metodologica (metodo di studio)<\/li><li>corsi di recupero<\/li><\/ul><p>Il Liceo Bertolucci adotta le tipologie indicate dalla normativa. Per quanto riguarda la tipologia legata al recupero in itinere \u00e8 compito di ogni docente, nella quotidianit\u00e0 dell\u2019azione educativa, operare affinch\u00e9 questo avvenga (anche mediante indicazione di percorsi individualizzati da svolgersi a livello domestico) lungo tutto l\u2019arco dell\u2019anno scolastico.<\/p>\t\t\t\t\t\t\t\t<\/div>\n\t\t\t\t<\/div>\n\t\t\t\t\t<\/div>\n\t\t<\/div>\n\t\t\t\t\t<\/div>\n\t\t<\/section>\n\t\t\t\t<\/div>\n\t\t","protected":false},"excerpt":{"rendered":"<p>ORGANIZZAZIONE DIDATTICA DALLE AREE DISCIPLINARI ALLE DISCIPLINE: DIDATTICA PER COMPETENZE La definizione per ogni area disciplinare degli aspetti salienti (parole chiave, competenze target) permette una riflessione ed una declinazione specifica della \u201cprogettazione\u201d disciplinare. Ogni Dipartimento disciplinare elabora una cornice condivisa entro cui ogni docente colloca la propria programmazione individuale per ogni singola classe. Le programmazioni &hellip; <\/p>\n<p class=\"link-more\"><a href=\"https:\/\/ptof.liceoattiliobertolucci.org\/25-28\/indice\/organizzazione-didattica\/\" class=\"more-link\">Leggi tutto<span class=\"screen-reader-text\"> &#8220;ORGANIZZAZIONE DIDATTICA&#8221;<\/span><\/a><\/p>\n","protected":false},"author":1,"featured_media":0,"parent":19,"menu_order":0,"comment_status":"closed","ping_status":"closed","template":"elementor_header_footer","meta":{"footnotes":""},"class_list":["post-299","page","type-page","status-publish","hentry"],"_links":{"self":[{"href":"https:\/\/ptof.liceoattiliobertolucci.org\/25-28\/wp-json\/wp\/v2\/pages\/299","targetHints":{"allow":["GET"]}}],"collection":[{"href":"https:\/\/ptof.liceoattiliobertolucci.org\/25-28\/wp-json\/wp\/v2\/pages"}],"about":[{"href":"https:\/\/ptof.liceoattiliobertolucci.org\/25-28\/wp-json\/wp\/v2\/types\/page"}],"author":[{"embeddable":true,"href":"https:\/\/ptof.liceoattiliobertolucci.org\/25-28\/wp-json\/wp\/v2\/users\/1"}],"replies":[{"embeddable":true,"href":"https:\/\/ptof.liceoattiliobertolucci.org\/25-28\/wp-json\/wp\/v2\/comments?post=299"}],"version-history":[{"count":122,"href":"https:\/\/ptof.liceoattiliobertolucci.org\/25-28\/wp-json\/wp\/v2\/pages\/299\/revisions"}],"predecessor-version":[{"id":823,"href":"https:\/\/ptof.liceoattiliobertolucci.org\/25-28\/wp-json\/wp\/v2\/pages\/299\/revisions\/823"}],"up":[{"embeddable":true,"href":"https:\/\/ptof.liceoattiliobertolucci.org\/25-28\/wp-json\/wp\/v2\/pages\/19"}],"wp:attachment":[{"href":"https:\/\/ptof.liceoattiliobertolucci.org\/25-28\/wp-json\/wp\/v2\/media?parent=299"}],"curies":[{"name":"wp","href":"https:\/\/api.w.org\/{rel}","templated":true}]}}