{"id":342,"date":"2021-11-27T06:22:23","date_gmt":"2021-11-27T06:22:23","guid":{"rendered":"https:\/\/ptof.liceoattiliobertolucci.org\/25-28\/?page_id=342"},"modified":"2025-04-25T17:11:01","modified_gmt":"2025-04-25T17:11:01","slug":"organizzazione-generale","status":"publish","type":"page","link":"https:\/\/ptof.liceoattiliobertolucci.org\/25-28\/indice\/organizzazione-generale\/","title":{"rendered":"ORGANIZZAZIONE GENERALE"},"content":{"rendered":"\t\t<div data-elementor-type=\"wp-page\" data-elementor-id=\"342\" class=\"elementor elementor-342\">\n\t\t\t\t\t\t<section class=\"elementor-section elementor-top-section elementor-element elementor-element-e83b528 elementor-section-boxed elementor-section-height-default elementor-section-height-default\" data-id=\"e83b528\" data-element_type=\"section\" id=\"mybread\" data-settings=\"{&quot;background_background&quot;:&quot;classic&quot;}\">\n\t\t\t\t\t\t<div class=\"elementor-container elementor-column-gap-no\">\n\t\t\t\t\t<div class=\"elementor-column elementor-col-100 elementor-top-column elementor-element elementor-element-e1902ae\" data-id=\"e1902ae\" data-element_type=\"column\">\n\t\t\t<div class=\"elementor-widget-wrap elementor-element-populated\">\n\t\t\t\t\t\t<div class=\"elementor-element elementor-element-255ff7e elementor-widget elementor-widget-shortcode\" data-id=\"255ff7e\" data-element_type=\"widget\" data-widget_type=\"shortcode.default\">\n\t\t\t\t<div class=\"elementor-widget-container\">\n\t\t\t\t\t\t\t<div class=\"elementor-shortcode\">\t\t\t<!-- Flexy Breadcrumb -->\r\n\t\t\t<div class=\"fbc fbc-page\">\r\n\r\n\t\t\t\t<!-- Breadcrumb wrapper -->\r\n\t\t\t\t<div class=\"fbc-wrap\">\r\n\r\n\t\t\t\t\t<!-- Ordered list-->\r\n\t\t\t\t\t<ol class=\"fbc-items\" itemscope itemtype=\"https:\/\/schema.org\/BreadcrumbList\">\r\n\t\t\t\t\t\t            <li itemprop=\"itemListElement\" itemscope itemtype=\"https:\/\/schema.org\/ListItem\">\r\n                <span itemprop=\"name\">\r\n                    <!-- Home Link -->\r\n                    <a itemprop=\"item\" href=\"https:\/\/ptof.liceoattiliobertolucci.org\/25-28\">\r\n                    \r\n                                                    <i class=\"fa fa-home\" aria-hidden=\"true\"><\/i>PTOF 2025 - 2028                    <\/a>\r\n                <\/span>\r\n                <meta itemprop=\"position\" content=\"1\" \/><!-- Meta Position-->\r\n             <\/li><li><span class=\"fbc-separator\">\/<\/span><\/li><li class=\"active\" itemprop=\"itemListElement\" itemscope itemtype=\"https:\/\/schema.org\/ListItem\"><span itemprop=\"name\" title=\"ORGANIZZAZIONE GENERALE\">ORGANIZZAZIONE GENERALE<\/span><meta itemprop=\"position\" content=\"2\" \/><\/li>\t\t\t\t\t<\/ol>\r\n\t\t\t\t\t<div class=\"clearfix\"><\/div>\r\n\t\t\t\t<\/div>\r\n\t\t\t<\/div>\r\n\t\t\t<\/div>\n\t\t\t\t\t\t<\/div>\n\t\t\t\t<\/div>\n\t\t\t\t\t<\/div>\n\t\t<\/div>\n\t\t\t\t\t<\/div>\n\t\t<\/section>\n\t\t\t\t<section class=\"elementor-section elementor-top-section elementor-element elementor-element-443f2b1 elementor-section-boxed elementor-section-height-default elementor-section-height-default\" data-id=\"443f2b1\" data-element_type=\"section\">\n\t\t\t\t\t\t<div class=\"elementor-container elementor-column-gap-default\">\n\t\t\t\t\t<div class=\"elementor-column elementor-col-100 elementor-top-column elementor-element elementor-element-09688c0\" data-id=\"09688c0\" data-element_type=\"column\">\n\t\t\t<div class=\"elementor-widget-wrap elementor-element-populated\">\n\t\t\t\t\t\t<div class=\"elementor-element elementor-element-ef4ed2f elementor-widget elementor-widget-spacer\" data-id=\"ef4ed2f\" data-element_type=\"widget\" data-widget_type=\"spacer.default\">\n\t\t\t\t<div class=\"elementor-widget-container\">\n\t\t\t\t\t\t\t<div class=\"elementor-spacer\">\n\t\t\t<div class=\"elementor-spacer-inner\"><\/div>\n\t\t<\/div>\n\t\t\t\t\t\t<\/div>\n\t\t\t\t<\/div>\n\t\t\t\t<div class=\"elementor-element elementor-element-50669c4 elementor-widget elementor-widget-heading\" data-id=\"50669c4\" data-element_type=\"widget\" data-widget_type=\"heading.default\">\n\t\t\t\t<div class=\"elementor-widget-container\">\n\t\t\t\t\t<h2 class=\"elementor-heading-title elementor-size-default\">ORGANIZZAZIONE GENERALE<\/h2>\t\t\t\t<\/div>\n\t\t\t\t<\/div>\n\t\t\t\t\t<\/div>\n\t\t<\/div>\n\t\t\t\t\t<\/div>\n\t\t<\/section>\n\t\t\t\t<section class=\"elementor-section elementor-top-section elementor-element elementor-element-524ba2f elementor-section-boxed elementor-section-height-default elementor-section-height-default\" data-id=\"524ba2f\" data-element_type=\"section\">\n\t\t\t\t\t\t<div class=\"elementor-container elementor-column-gap-default\">\n\t\t\t\t\t<div class=\"elementor-column elementor-col-100 elementor-top-column elementor-element elementor-element-bb5d907\" data-id=\"bb5d907\" data-element_type=\"column\">\n\t\t\t<div class=\"elementor-widget-wrap elementor-element-populated\">\n\t\t\t\t\t\t<div class=\"elementor-element elementor-element-8062660 elementor-widget-divider--view-line elementor-widget elementor-widget-divider\" data-id=\"8062660\" data-element_type=\"widget\" data-widget_type=\"divider.default\">\n\t\t\t\t<div class=\"elementor-widget-container\">\n\t\t\t\t\t\t\t<div class=\"elementor-divider\">\n\t\t\t<span class=\"elementor-divider-separator\">\n\t\t\t\t\t\t<\/span>\n\t\t<\/div>\n\t\t\t\t\t\t<\/div>\n\t\t\t\t<\/div>\n\t\t\t\t\t<\/div>\n\t\t<\/div>\n\t\t\t\t\t<\/div>\n\t\t<\/section>\n\t\t\t\t<section class=\"elementor-section elementor-top-section elementor-element elementor-element-a4631e3 contenutolungo elementor-section-boxed elementor-section-height-default elementor-section-height-default\" data-id=\"a4631e3\" data-element_type=\"section\">\n\t\t\t\t\t\t<div class=\"elementor-container elementor-column-gap-default\">\n\t\t\t\t\t<div class=\"elementor-column elementor-col-100 elementor-top-column elementor-element elementor-element-3a03cb9\" data-id=\"3a03cb9\" data-element_type=\"column\">\n\t\t\t<div class=\"elementor-widget-wrap elementor-element-populated\">\n\t\t\t\t\t\t<div class=\"elementor-element elementor-element-3639b0a elementor-widget elementor-widget-text-editor\" data-id=\"3639b0a\" data-element_type=\"widget\" data-widget_type=\"text-editor.default\">\n\t\t\t\t<div class=\"elementor-widget-container\">\n\t\t\t\t\t\t\t\t\t<h2><b><br \/>IL TEMPO SCUOLA\u00a0<\/b><\/h2><p><span style=\"font-weight: 400;\">Il tempo scuola prevede moduli orari di 60 minuti ed \u00e8 cos\u00ec organizzato per la parte di lezioni curricolari:\u00a0<\/span><\/p><p><b>Liceo Scientifico\u00a0<\/b><\/p><ul><li><span style=\"font-weight: 400;\">Primo Biennio: da luned\u00ec a venerd\u00ec dalle ore 8.00 alle ore 13.00 + un rientro pomeridiano per 2 ore di scienze motorie<\/span><\/li><li><span style=\"color: var( --e-global-color-text ); font-family: var( --e-global-typography-text-font-family ), Sans-serif; font-size: 1rem;\">Secondo Biennio e Ultimo anno: lezioni su 6 giorni dalle ore 8.00 alle ore 13.00<br \/><\/span><\/li><\/ul><p><span style=\"color: var( --e-global-color-text ); font-family: var( --e-global-typography-text-font-family ), Sans-serif; font-size: 1rem;\">La sezione Matematica+ presenta un\u2019ora aggiuntiva di matematica\/fisica<\/span><\/p><p><b>Liceo Scientifico Cambridge\u00a0<\/b><\/p><ul><li><span style=\"font-weight: 400;\">Primo Biennio: lezioni su 6 giorni dalle ore 8.00 alle ore 13.00 (tranne 1 giorno con termine alle ore 12.00 limitatamente alla classe prima) <\/span><\/li><li><span style=\"color: var( --e-global-color-text ); font-family: var( --e-global-typography-text-font-family ), Sans-serif; font-size: 1rem;\">Secondo Biennio: lezioni su 6 giorni dalle ore 8.00m alle ore 13.00 + un rientro pomeridiano di 2 ore<\/span><\/li><li><span style=\"color: var( --e-global-color-text ); font-family: var( --e-global-typography-text-font-family ), Sans-serif; font-size: 1rem;\">Ultimo anno: lezioni su 6 giorni dalle ore 8.00 alle ore 13.00\u00a0<\/span><\/li><\/ul><p><b>Liceo Sportivo\u00a0<\/b><\/p><ul><li><span style=\"font-weight: 400;\">Primo biennio <span style=\"text-decoration: underline;\">Quinquennale<\/span>: lezioni su 6 giorni di cui 3 giorni dalle ore 8.00 alle ore 13.00 e 3 giorni dalle ore 8.00 alle ore 12.00<\/span><\/li><li>Secondo biennio e Ultimo anno <span style=\"text-decoration: underline;\">Quinquennale<\/span>: lezioni su 6 giorni dalle ore 8.00 alle ore 13.00<\/li><li><span style=\"color: var( --e-global-color-text ); font-family: var( --e-global-typography-text-font-family ), Sans-serif; font-size: 1rem;\"><span style=\"text-decoration: underline;\">Quadriennale<\/span>: lezioni da luned\u00ec a venerd\u00ec dalle ore 8.00 alle ore 14.00\u00a0<\/span><\/li><\/ul><p><b>Liceo Musicale\u00a0<\/b><\/p><p><span style=\"font-weight: 400;\">Lezioni da luned\u00ec a venerd\u00ec dalle ore 8.00 alle ore 13.00 con uno o pi\u00f9 rientri pomeridiani da 50&#8242;.<br \/><\/span><span style=\"color: var( --e-global-color-text ); font-family: var( --e-global-typography-text-font-family ), Sans-serif; font-size: 1rem;\">Le lezioni di Esecuzione e interpretazione (55&#8242;) sono individuali e per ogni studente viene definito un orario e un calendario personalizzato.<br \/><\/span><\/p><p><span style=\"color: var( --e-global-color-text ); font-family: var( --e-global-typography-text-font-family ), Sans-serif; font-size: 1rem;\">Il liceo \u00e8 aperto tutti i giorni dalle ore 7.30 alle ore 18.00. Il sabato dalle ore 7.30 alle ore 13.30.<br \/><\/span><span style=\"color: var( --e-global-color-text ); font-family: var( --e-global-typography-text-font-family ), Sans-serif; font-size: 1rem;\">Nel pomeriggio si svolgono attivit\u00e0 elettive, progetti specifici, percorsi di recupero. Gli studenti possono \u2013 seguendo le indicazioni fornite annualmente \u2013 fermarsi liberamente a scuola per studiare.\u00a0<\/span><\/p><h2><b><br \/>ORGANIGRAMMA\u00a0<\/b><\/h2><p><span style=\"font-weight: 400;\">Il Bertolucci condivide uno staff organizzativo comune cos\u00ec articolato:<\/span><\/p><p><span style=\"font-weight: 400;\">Il <\/span><b>Dirigente scolastico<\/b><span style=\"font-weight: 400;\"> rappresenta il vertice direttivo e organizzativo del Liceo e si occupa della pianificazione, organizzazione e controllo dell\u2019 attivit\u00e0 istituzionali, oltre ad essere leader educativo e a garantire le esigenze di sviluppo e innovazione della scuola. La leadership messa in atto \u00e8 di \u201ctipo motivazionale\u201de collaborativa e prevede accordi e deleghe e\/o creazione di gruppi\/reti di lavoro per piani di intervento e\/o per la realizzazione di azioni specifiche, in un&#8217;ottica di crescita e di sviluppo delle professionalit\u00e0 presenti.<\/span><\/p><p><span style=\"font-weight: 400;\">Il <\/span><b>Direttore dei servizi generali e amministrativi <\/b><span style=\"font-weight: 400;\">sovrintende ai servizi amministrativo-contabili e ne cura l&#8217;organizzazione, oltre ad esercitare compiti di direzione, organizzazione e vigilanza sul personale ATA.<\/span><\/p><p><span style=\"font-weight: 400;\">Attualmente sono previsti <\/span><b>due Collaboratori del Dirigente<\/b><span style=\"font-weight: 400;\"> con delega rispettivamente<\/span><\/p><ul><li><span style=\"font-weight: 400;\">alla gestione dell&#8217;organizzazione del Liceo<\/span><\/li><li><span style=\"font-weight: 400;\">al potenziamento dello sviluppo tecnologico e innovazione della didattica.<\/span><\/li><\/ul><p><span style=\"font-weight: 400;\">L&#8217;<strong>organigramma-funzionigramma<\/strong> di istituto prevede<\/span><\/p><ul><li>le <b>Figure di supporto organizzativo e didattico <\/b><span style=\"font-weight: 400;\">individuate dal Dirigente per i settori ritenuti strategici (ad es. i<em>nclusione<\/em><\/span><i><span style=\"font-weight: 400;\">,\u00a0<\/span><\/i><i style=\"color: var( --e-global-color-text ); font-family: var( --e-global-typography-text-font-family ), Sans-serif; font-weight: var( --e-global-typography-text-font-weight ); font-size: 1rem;\">orientamento,\u00a0<\/i><i style=\"color: var( --e-global-color-text ); font-family: var( --e-global-typography-text-font-family ), Sans-serif; font-weight: var( --e-global-typography-text-font-weight ); font-size: 1rem;\">internazionalizzazione,\u00a0<\/i><i style=\"color: var( --e-global-color-text ); font-family: var( --e-global-typography-text-font-family ), Sans-serif; font-weight: var( --e-global-typography-text-font-weight ); font-size: 1rem;\">valutazione, <\/i><i style=\"color: var( --e-global-color-text ); font-family: var( --e-global-typography-text-font-family ), Sans-serif; font-weight: var( --e-global-typography-text-font-weight ); font-size: 1rem;\">PCTO,\u00a0<\/i><i style=\"color: var( --e-global-color-text ); font-family: var( --e-global-typography-text-font-family ), Sans-serif; font-weight: var( --e-global-typography-text-font-weight ); font-size: 1rem;\">Cambridge school,\u00a0<\/i><i style=\"color: var( --e-global-color-text ); font-family: var( --e-global-typography-text-font-family ), Sans-serif; font-weight: var( --e-global-typography-text-font-weight ); font-size: 1rem;\">didattica Musicale,\u00a0<\/i><i style=\"color: var( --e-global-color-text ); font-family: var( --e-global-typography-text-font-family ), Sans-serif; font-weight: var( --e-global-typography-text-font-weight ); font-size: 1rem;\">didattica dello Sport,\u00a0<\/i><i style=\"color: var( --e-global-color-text ); font-family: var( --e-global-typography-text-font-family ), Sans-serif; font-weight: var( --e-global-typography-text-font-weight ); font-size: 1rem;\">STEM, ecc.)<\/i><\/li><li>i docenti <b style=\"font-size: 1rem;\">Funzioni strumentali,<\/b><span style=\"font-weight: 400;\"> individuate dal Collegio Docenti, per i settori: inclusione, internazionalizzazione, autovalutazione e valutazione di istituto.<\/span><\/li><li>i <b>Dipartimenti disciplinari <\/b><span style=\"font-weight: 400;\">e relativi coordinatori<\/span><\/li><li>i<b style=\"font-size: 1rem;\"> Coordinatori didattici\/organizzativi di progetto<\/b><\/li><li>il <b style=\"font-size: 1rem;\">Collegio Docenti<\/b><\/li><li>i <strong>C<\/strong><b style=\"font-size: 1rem;\">onsigli di Classe<\/b><span style=\"font-weight: 400;\"> e la <\/span><b style=\"font-size: 1rem;\">rete dei coordinatori<\/b><\/li><li>il <strong>C<\/strong><b style=\"font-size: 1rem;\">omitato per la valutazione dei docenti<\/b><\/li><li>il <b style=\"font-size: 1rem;\">GLI<\/b><span style=\"font-weight: 400;\"> &#8211; Gruppo di lavoro per l&#8217;inclusione<\/span><\/li><li>il <strong>C<\/strong><b style=\"font-size: 1rem;\">onsiglio di Istituto<\/b><span style=\"font-weight: 400;\"> che include i rappresentanti degli studenti e dei genitori<\/span><\/li><li><span style=\"font-size: 1rem;\">i<\/span><b style=\"font-size: 1rem;\"> rappresentanti di istituto e di classe<\/b><span style=\"font-weight: 400;\"> degli studenti<\/span><\/li><li>l\u2019<b style=\"font-size: 1rem;\"> organo di garanzia<\/b><\/li><li>gli <b style=\"font-size: 1rem;\">organi per la sicurezza<\/b><span style=\"font-weight: 400;\"> (L. 81\/08)<\/span><\/li><\/ul><p><span style=\"font-weight: 400;\">Il funzionamento e lo sviluppo del Liceo sono garantiti dal <\/span><b>lavoro integrato<\/b><span style=\"font-weight: 400;\">, dalla <\/span><b>collaborazione<\/b><span style=\"font-weight: 400;\"> e disponibilit\u00e0 delle diverse componenti e da un <\/span><b>team di supporto esperto di ambito,<\/b><span style=\"font-weight: 400;\"> oltre alla <\/span><b>guida <\/b><b>del Dirigente<\/b><span style=\"font-weight: 400;\">.<\/span><\/p><p><span style=\"font-weight: 400;\">Annualmente viene pubblicato sul sito del Liceo l\u2019organigramma aggiornato.\u00a0<\/span><\/p><h2><b><br \/>GLI UFFICI AMMINISTRATIVI ED IL PERSONALE ATA\u00a0<\/b><\/h2><p><span style=\"color: var( --e-global-color-text ); font-family: var( --e-global-typography-text-font-family ), Sans-serif; font-size: 1rem;\">Gli uffici amministrativi sono fondamentali per la corretta e funzionale gestione della vita del liceo.\u00a0<\/span><\/p><p><span style=\"font-weight: 400;\">L\u2019amministrazione prevede i seguenti uffici:\u00a0<\/span><\/p><ul><li><span style=\"font-weight: 400;\">ufficio del Direttore dei servizi generali e amministrativi (DSGA) che ha diretta responsabilit\u00e0 sul personale Ata e coordina tutta l\u2019attivit\u00e0 dei servizi generali e amministrativi;\u00a0<\/span><\/li><li><span style=\"font-weight: 400;\">ufficio protocollo\u00a0<\/span><\/li><li><span style=\"font-weight: 400;\">ufficio alunni\u00a0<\/span><\/li><li><span style=\"font-weight: 400;\">ufficio personale\u00a0<\/span><\/li><li><span style=\"font-weight: 400;\">ufficio contabilit\u00e0 e acquisti\u00a0<\/span><\/li><\/ul><p><span style=\"font-weight: 400;\">I collaboratori scolastici curano la vigilanza, la pulizia ed il decoro delle sedi del liceo, il front-office e i desk di accoglienza nelle diverse sedi.\u00a0<\/span><\/p><p><span style=\"font-weight: 400;\">\u00c8 presente l\u2019ufficio tecnico ed assistenza che cura in particolare la dimensione di rete e digitale del liceo.\u00a0<\/span><\/p><h2><b><br \/>LA PARTECIPAZIONE DI STUDENTI E GENITORI\u00a0<\/b><\/h2><p><span style=\"font-weight: 400;\">La partecipazione di studenti e genitori alla vita scolastica avviene sia a livello non formale che formale.\u00a0<\/span><\/p><p><span style=\"font-weight: 400;\">A livello formale genitori e studenti partecipano direttamente e attivamente ai seguenti organi:\u00a0<\/span><\/p><ul><li><span style=\"font-weight: 400;\">Consiglio di istituto\u00a0<\/span><\/li><li><span style=\"font-weight: 400;\">Consigli di classe\u00a0<\/span><\/li><li><span style=\"font-weight: 400;\">Comitato di valutazione\u00a0<\/span><\/li><li><span style=\"font-weight: 400;\">Gruppo di lavoro per l&#8217;inclusione\u00a0<\/span><\/li><\/ul><p><span style=\"font-weight: 400;\">Il regolamento di istituto prevede la modalit\u00e0 di gestione delle\u00a0<\/span><\/p><ul><li><span style=\"font-weight: 400;\">Assemblee di classe\u00a0<\/span><\/li><li><span style=\"font-weight: 400;\">Assemblee di istituto\u00a0<\/span><\/li><\/ul><p><span style=\"font-weight: 400;\">Il regolamento prevede inoltre l\u2019istituzione del coordinamento dei rappresentanti sia degli studenti che dei genitori.<\/span><\/p>\t\t\t\t\t\t\t\t<\/div>\n\t\t\t\t<\/div>\n\t\t\t\t\t<\/div>\n\t\t<\/div>\n\t\t\t\t\t<\/div>\n\t\t<\/section>\n\t\t\t\t<\/div>\n\t\t","protected":false},"excerpt":{"rendered":"<p>ORGANIZZAZIONE GENERALE IL TEMPO SCUOLA\u00a0 Il tempo scuola prevede moduli orari di 60 minuti ed \u00e8 cos\u00ec organizzato per la parte di lezioni curricolari:\u00a0 Liceo Scientifico\u00a0 Primo Biennio: da luned\u00ec a venerd\u00ec dalle ore 8.00 alle ore 13.00 + un rientro pomeridiano per 2 ore di scienze motorie Secondo Biennio e Ultimo anno: lezioni su &hellip; <\/p>\n<p class=\"link-more\"><a href=\"https:\/\/ptof.liceoattiliobertolucci.org\/25-28\/indice\/organizzazione-generale\/\" class=\"more-link\">Leggi tutto<span class=\"screen-reader-text\"> &#8220;ORGANIZZAZIONE GENERALE&#8221;<\/span><\/a><\/p>\n","protected":false},"author":1,"featured_media":0,"parent":19,"menu_order":0,"comment_status":"closed","ping_status":"closed","template":"elementor_header_footer","meta":{"footnotes":""},"class_list":["post-342","page","type-page","status-publish","hentry"],"_links":{"self":[{"href":"https:\/\/ptof.liceoattiliobertolucci.org\/25-28\/wp-json\/wp\/v2\/pages\/342","targetHints":{"allow":["GET"]}}],"collection":[{"href":"https:\/\/ptof.liceoattiliobertolucci.org\/25-28\/wp-json\/wp\/v2\/pages"}],"about":[{"href":"https:\/\/ptof.liceoattiliobertolucci.org\/25-28\/wp-json\/wp\/v2\/types\/page"}],"author":[{"embeddable":true,"href":"https:\/\/ptof.liceoattiliobertolucci.org\/25-28\/wp-json\/wp\/v2\/users\/1"}],"replies":[{"embeddable":true,"href":"https:\/\/ptof.liceoattiliobertolucci.org\/25-28\/wp-json\/wp\/v2\/comments?post=342"}],"version-history":[{"count":37,"href":"https:\/\/ptof.liceoattiliobertolucci.org\/25-28\/wp-json\/wp\/v2\/pages\/342\/revisions"}],"predecessor-version":[{"id":810,"href":"https:\/\/ptof.liceoattiliobertolucci.org\/25-28\/wp-json\/wp\/v2\/pages\/342\/revisions\/810"}],"up":[{"embeddable":true,"href":"https:\/\/ptof.liceoattiliobertolucci.org\/25-28\/wp-json\/wp\/v2\/pages\/19"}],"wp:attachment":[{"href":"https:\/\/ptof.liceoattiliobertolucci.org\/25-28\/wp-json\/wp\/v2\/media?parent=342"}],"curies":[{"name":"wp","href":"https:\/\/api.w.org\/{rel}","templated":true}]}}